{"id":36994,"date":"2022-11-11T12:42:28","date_gmt":"2022-11-11T11:42:28","guid":{"rendered":"https:\/\/magazinnew.reichelt.de\/magazin\/accueil\/"},"modified":"2026-06-30T14:18:30","modified_gmt":"2026-06-30T12:18:30","slug":"accueil555","status":"publish","type":"page","link":"https:\/\/www.reichelt.com\/magazin\/fr\/","title":{"rendered":"Accueil555"},"content":{"rendered":"\t\t<div data-elementor-type=\"wp-page\" data-elementor-id=\"36994\" class=\"elementor elementor-36994 elementor-35950\" data-elementor-post-type=\"page\">\n\t\t\t\t\t\t<section class=\"elementor-section elementor-top-section elementor-element elementor-element-7533ba93 elementor-section-stretched elementor-section-boxed elementor-section-height-default elementor-section-height-default\" data-id=\"7533ba93\" data-element_type=\"section\" data-e-type=\"section\" data-settings=\"{&quot;stretch_section&quot;:&quot;section-stretched&quot;}\">\n\t\t\t\t\t\t<div class=\"elementor-container elementor-column-gap-default\">\n\t\t\t\t\t<div class=\"elementor-column elementor-col-100 elementor-top-column elementor-element elementor-element-441f1c7d\" data-id=\"441f1c7d\" data-element_type=\"column\" data-e-type=\"column\">\n\t\t\t<div class=\"elementor-widget-wrap elementor-element-populated\">\n\t\t\t\t\t\t<div class=\"elementor-element elementor-element-2a0b697e pa-carousel-template pa-carousel-horizontal elementor-widget elementor-widget-premium-carousel-widget\" data-id=\"2a0b697e\" data-element_type=\"widget\" data-e-type=\"widget\" data-widget_type=\"premium-carousel-widget.default\">\n\t\t\t\t<div class=\"elementor-widget-container\">\n\t\t\t\t\t\t\t<div id=\"premium-carousel-wrapper-2a0b697e\" class=\"premium-carousel-wrapper premium-carousel-hidden carousel-wrapper-2a0b697e  premium-carousel-dots-below\" data-settings=\"{&quot;vertical&quot;:false,&quot;appearance&quot;:&quot;single&quot;,&quot;slidesToShow&quot;:1,&quot;infinite&quot;:true,&quot;speed&quot;:&quot;1000&quot;,&quot;fade&quot;:false,&quot;autoplay&quot;:true,&quot;autoplaySpeed&quot;:&quot;4000&quot;,&quot;draggable&quot;:true,&quot;touchMove&quot;:true,&quot;adaptiveHeight&quot;:false,&quot;variableWidth&quot;:false,&quot;cssEase&quot;:&quot;ease&quot;,&quot;pauseOnHover&quot;:false,&quot;centerMode&quot;:false,&quot;arrows&quot;:false,&quot;dots&quot;:true,&quot;slidesDesk&quot;:1,&quot;slidesTab&quot;:1,&quot;slidesMob&quot;:1,&quot;animation&quot;:&quot;null&quot;,&quot;tabletBreak&quot;:1025,&quot;mobileBreak&quot;:650,&quot;navigation&quot;:[&quot;&quot;,&quot;&quot;,&quot;&quot;,&quot;&quot;,&quot;&quot;],&quot;carouselNavigation&quot;:&quot;dots&quot;,&quot;templatesNumber&quot;:5,&quot;hasNavSlider&quot;:false,&quot;mouseTilt&quot;:false,&quot;mouseTiltRev&quot;:false}\">\n\t\t\t<!-- Dots -->\n\t\t\t\t\t\t\t<div class=\"premium-carousel-nav-dot\">\n\t\t\t\t\t\t\t\t\t\t\t\t<i class=\"fas fa-square\" aria-hidden=\"true\"><\/i>\n\t\t\t\t\t\t\t\t\t\t<\/div>\n\t\t\t\n\t\t\t\n\t\t\t<!-- Main Slides -->\n\t\t\t<div id=\"premium-carousel-2a0b697e\" class=\"premium-carousel-inner\">\n\t\t\t\t\t\t\t\t\t\t<div class=\"premium-carousel-template item-wrapper\" >\n\t\t\t\t\t\t\t<style>.elementor-widget-text-editor{font-family:var( --e-global-typography-text-font-family ), Sans-serif;font-weight:var( --e-global-typography-text-font-weight );color:var( --e-global-color-text );}.elementor-widget-text-editor.elementor-drop-cap-view-stacked .elementor-drop-cap{background-color:var( --e-global-color-primary );}.elementor-widget-text-editor.elementor-drop-cap-view-framed .elementor-drop-cap, .elementor-widget-text-editor.elementor-drop-cap-view-default .elementor-drop-cap{color:var( --e-global-color-primary );border-color:var( --e-global-color-primary );}<\/style>\t\t<div data-elementor-type=\"page\" data-elementor-id=\"35984\" class=\"elementor elementor-35984\" data-elementor-post-type=\"elementor_library\">\n\t\t\t\t\t\t<section class=\"elementor-section elementor-top-section elementor-element elementor-element-11aecff4 elementor-section-boxed elementor-section-height-default elementor-section-height-default\" data-id=\"11aecff4\" data-element_type=\"section\" data-e-type=\"section\">\n\t\t\t\t\t\t<div class=\"elementor-container elementor-column-gap-default\">\n\t\t\t\t\t<div class=\"elementor-column elementor-col-100 elementor-top-column elementor-element elementor-element-418905c4\" data-id=\"418905c4\" data-element_type=\"column\" data-e-type=\"column\">\n\t\t\t<div class=\"elementor-widget-wrap elementor-element-populated\">\n\t\t\t\t\t\t<div class=\"elementor-element elementor-element-454f5bc5 elementor-widget elementor-widget-text-editor\" data-id=\"454f5bc5\" data-element_type=\"widget\" data-e-type=\"widget\" data-widget_type=\"text-editor.default\">\n\t\t\t\t<div class=\"elementor-widget-container\">\n\t\t\t\t\t\t\t\t\t<a href=\"https:\/\/www.reichelt.com\/magazin\/fr\/actualites\/imprimantes-detiquettes-mobiles-pour-installations-electriques-et-reseau-brother-p-touch-cube-pro\/\" tabindex=\"0\"><div class=\"responsive-teaser\"><picture><source srcset=\"https:\/\/www.reichelt.com\/magazin\/wp-content\/uploads\/2026\/07\/titel-p-touch-02.webp\" media=\"(min-width: 48em)\"><source srcset=\"https:\/\/www.reichelt.com\/magazin\/wp-content\/uploads\/2026\/07\/titel-p-touch-02.webp\"><img decoding=\"async\" src=\"https:\/\/www.reichelt.com\/magazin\/wp-content\/uploads\/2026\/07\/titel-p-touch-02.webp\" alt=\"Mobile Beschriftungsger\u00e4te f\u00fcr Elektro- und Netzwerkinstallationen\"><\/picture><div class=\"responsive-teaser-text\"><span class=\"responsive-teaser-meta green atrament\">Actualit\u00e9s &#8211; 2026\/07\/31<\/span><h2>\u00c9tiqueteuses portables pour les installations \u00e9lectriques et les r\u00e9seaux<\/h2><span>Un marquage clair et lisible sur le long terme est une condition essentielle des installations \u00e9lectriques et des r\u00e9seau modernes. Avec les \u00e9tiqueteuses P-touch de Brother, les mod\u00e8les CUBE Pro PT-E720BT et PT-E920BT, ainsi que le mod\u00e8le PT-E560BT propos\u00e9 dans le pack L-BOXX, vous disposez de solutions mobiles pour r\u00e9aliser un \u00e9tiquetage professionnel directement sur [&hellip;]<\/span>Lire maintenant \u25ba<\/div><\/div><\/a>\t\t\t\t\t\t\t\t<\/div>\n\t\t\t\t<\/div>\n\t\t\t\t\t<\/div>\n\t\t<\/div>\n\t\t\t\t\t<\/div>\n\t\t<\/section>\n\t\t\t\t<\/div>\n\t\t\n\t\t\t\t\t\t\t\t\t\t\t\t\t<\/div>\n\t\t\t\t\t\t\t\t\t\t\t\t<div class=\"premium-carousel-template item-wrapper\" >\n\t\t\t\t\t\t\t<style>.elementor-widget-text-editor{font-family:var( --e-global-typography-text-font-family ), Sans-serif;font-weight:var( --e-global-typography-text-font-weight );color:var( --e-global-color-text );}.elementor-widget-text-editor.elementor-drop-cap-view-stacked .elementor-drop-cap{background-color:var( --e-global-color-primary );}.elementor-widget-text-editor.elementor-drop-cap-view-framed .elementor-drop-cap, .elementor-widget-text-editor.elementor-drop-cap-view-default .elementor-drop-cap{color:var( --e-global-color-primary );border-color:var( --e-global-color-primary );}<\/style>\t\t<div data-elementor-type=\"page\" data-elementor-id=\"35974\" class=\"elementor elementor-35974\" data-elementor-post-type=\"elementor_library\">\n\t\t\t\t\t\t<section class=\"elementor-section elementor-top-section elementor-element elementor-element-6bcca935 elementor-section-boxed elementor-section-height-default elementor-section-height-default\" data-id=\"6bcca935\" data-element_type=\"section\" data-e-type=\"section\">\n\t\t\t\t\t\t<div class=\"elementor-container elementor-column-gap-default\">\n\t\t\t\t\t<div class=\"elementor-column elementor-col-100 elementor-top-column elementor-element elementor-element-1acc838\" data-id=\"1acc838\" data-element_type=\"column\" data-e-type=\"column\">\n\t\t\t<div class=\"elementor-widget-wrap elementor-element-populated\">\n\t\t\t\t\t\t<div class=\"elementor-element elementor-element-2ff73d99 elementor-widget elementor-widget-text-editor\" data-id=\"2ff73d99\" data-element_type=\"widget\" data-e-type=\"widget\" data-widget_type=\"text-editor.default\">\n\t\t\t\t<div class=\"elementor-widget-container\">\n\t\t\t\t\t\t\t\t\t<a href=\"https:\/\/www.reichelt.com\/magazin\/fr\/projets\/entrez-dans-lunivers-de-la-robotique-avec-grab-it-partie-2\/\" tabindex=\"0\"><div class=\"responsive-teaser\"><picture><source srcset=\"https:\/\/www.reichelt.com\/magazin\/wp-content\/uploads\/2026\/02\/titel-grab-it-02-fr-2.webp\" media=\"(min-width: 48em)\"><source srcset=\"https:\/\/www.reichelt.com\/magazin\/wp-content\/uploads\/2026\/02\/titel-grab-it-02-fr-2.webp\"><img decoding=\"async\" src=\"https:\/\/www.reichelt.com\/magazin\/wp-content\/uploads\/2026\/02\/titel-grab-it-02-fr-2.webp\" alt=\"Entrez dans l\u2019univers de la robotique avec Grab-it \u2013 Partie 2\"><\/picture><div class=\"responsive-teaser-text\"><span class=\"responsive-teaser-meta green atrament\">Projets &#8211; 2026\/02\/17<\/span><h2>Entrez dans l&#8217;univers de la robotique avec Grab-it \u2013 Partie 2<\/h2><span>Gr\u00e2ce au bras robotis\u00e9 \u00ab Grab-it \u00bb de JOY-IT, les bricoleurs amateurs, les \u00e9l\u00e8ves et les \u00e9tudiants peuvent acqu\u00e9rir une premi\u00e8re exp\u00e9rience de la programmation en Python et r\u00e9aliser des projets simples avec le Raspberry Pi ou un Arduino. La premi\u00e8re partie de cet article traitait de la construction du bras robotis\u00e9, du calibrage des [&hellip;]<\/span>Lire maintenant \u25ba<\/div><\/div><\/a>\t\t\t\t\t\t\t\t<\/div>\n\t\t\t\t<\/div>\n\t\t\t\t\t<\/div>\n\t\t<\/div>\n\t\t\t\t\t<\/div>\n\t\t<\/section>\n\t\t\t\t<\/div>\n\t\t\n\t\t\t\t\t\t\t\t\t\t\t\t\t<\/div>\n\t\t\t\t\t\t\t\t\t\t\t\t<div class=\"premium-carousel-template item-wrapper\" >\n\t\t\t\t\t\t\t<style>.elementor-widget-text-editor{font-family:var( --e-global-typography-text-font-family ), Sans-serif;font-weight:var( --e-global-typography-text-font-weight );color:var( --e-global-color-text );}.elementor-widget-text-editor.elementor-drop-cap-view-stacked .elementor-drop-cap{background-color:var( --e-global-color-primary );}.elementor-widget-text-editor.elementor-drop-cap-view-framed .elementor-drop-cap, .elementor-widget-text-editor.elementor-drop-cap-view-default .elementor-drop-cap{color:var( --e-global-color-primary );border-color:var( --e-global-color-primary );}<\/style>\t\t<div data-elementor-type=\"page\" data-elementor-id=\"35983\" class=\"elementor elementor-35983\" data-elementor-post-type=\"elementor_library\">\n\t\t\t\t\t\t<section class=\"elementor-section elementor-top-section elementor-element elementor-element-1ab15c03 elementor-section-boxed elementor-section-height-default elementor-section-height-default\" data-id=\"1ab15c03\" data-element_type=\"section\" data-e-type=\"section\">\n\t\t\t\t\t\t<div class=\"elementor-container elementor-column-gap-default\">\n\t\t\t\t\t<div class=\"elementor-column elementor-col-100 elementor-top-column elementor-element elementor-element-6f4688b4\" data-id=\"6f4688b4\" data-element_type=\"column\" data-e-type=\"column\">\n\t\t\t<div class=\"elementor-widget-wrap elementor-element-populated\">\n\t\t\t\t\t\t<div class=\"elementor-element elementor-element-7d19534f elementor-widget elementor-widget-text-editor\" data-id=\"7d19534f\" data-element_type=\"widget\" data-e-type=\"widget\" data-widget_type=\"text-editor.default\">\n\t\t\t\t<div class=\"elementor-widget-container\">\n\t\t\t\t\t\t\t\t\t<a href=\"https:\/\/www.reichelt.com\/magazin\/fr\/conseils\/mini-cartes-maxi-possibilites-les-microcontroleurs-xiao-de-seeed\/\" tabindex=\"0\"><div class=\"responsive-teaser\"><picture><source srcset=\"https:\/\/www.reichelt.com\/magazin\/wp-content\/uploads\/2026\/08\/titel-xiao-90.webp\" media=\"(min-width: 48em)\"><source srcset=\"https:\/\/www.reichelt.com\/magazin\/wp-content\/uploads\/2026\/08\/titel-xiao-90.webp\"><img decoding=\"async\" src=\"https:\/\/www.reichelt.com\/magazin\/wp-content\/uploads\/2026\/08\/titel-xiao-90.webp\" alt=\"Kleine Boards, gro\u00dfe Einsatzm\u00f6glichkeiten: Die XIAO-Mikrocontroller-Boards von SEEED\"><\/picture><div class=\"responsive-teaser-text\"><span class=\"responsive-teaser-meta green atrament\">Tutoriels &#8211; 2026\/08\/24<\/span><h2>Mini-cartes, maxi-possibilit\u00e9s : Les microcontr\u00f4leurs XIAO de SEEED<\/h2><span>Vous souhaitez monter votre premier projet IoT ? Concevoir un prototype pour une start-up ? Int\u00e9grer des capteurs intelligents ? Tout cela est possible gr\u00e2ce aux microcontr\u00f4leurs compacts de la s\u00e9rie XIAO de SEEED, \u00e0 un prix adapt\u00e9 aussi bien aux loisirs qu&#8217;au prototypage. Mais comment choisir le mod\u00e8le qui convient ? Quelles sont les [&hellip;]<\/span>Lire maintenant \u25ba<\/div><\/div><\/a>\t\t\t\t\t\t\t\t<\/div>\n\t\t\t\t<\/div>\n\t\t\t\t\t<\/div>\n\t\t<\/div>\n\t\t\t\t\t<\/div>\n\t\t<\/section>\n\t\t\t\t<\/div>\n\t\t\n\t\t\t\t\t\t\t\t\t\t\t\t\t<\/div>\n\t\t\t\t\t\t\t\t\t\t\t\t<div class=\"premium-carousel-template item-wrapper\" >\n\t\t\t\t\t\t\t<style>.elementor-widget-text-editor{font-family:var( --e-global-typography-text-font-family ), Sans-serif;font-weight:var( --e-global-typography-text-font-weight );color:var( --e-global-color-text );}.elementor-widget-text-editor.elementor-drop-cap-view-stacked .elementor-drop-cap{background-color:var( --e-global-color-primary );}.elementor-widget-text-editor.elementor-drop-cap-view-framed .elementor-drop-cap, .elementor-widget-text-editor.elementor-drop-cap-view-default .elementor-drop-cap{color:var( --e-global-color-primary );border-color:var( --e-global-color-primary );}<\/style>\t\t<div data-elementor-type=\"page\" data-elementor-id=\"35985\" class=\"elementor elementor-35985\" data-elementor-post-type=\"elementor_library\">\n\t\t\t\t\t\t<section class=\"elementor-section elementor-top-section elementor-element elementor-element-d7abc96 elementor-section-boxed elementor-section-height-default elementor-section-height-default\" data-id=\"d7abc96\" data-element_type=\"section\" data-e-type=\"section\">\n\t\t\t\t\t\t<div class=\"elementor-container elementor-column-gap-default\">\n\t\t\t\t\t<div class=\"elementor-column elementor-col-100 elementor-top-column elementor-element elementor-element-25bd74e9\" data-id=\"25bd74e9\" data-element_type=\"column\" data-e-type=\"column\">\n\t\t\t<div class=\"elementor-widget-wrap elementor-element-populated\">\n\t\t\t\t\t\t<div class=\"elementor-element elementor-element-3d5a769a elementor-widget elementor-widget-text-editor\" data-id=\"3d5a769a\" data-element_type=\"widget\" data-e-type=\"widget\" data-widget_type=\"text-editor.default\">\n\t\t\t\t<div class=\"elementor-widget-container\">\n\t\t\t\t\t\t\t\t\t<a href=\"https:\/\/www.reichelt.com\/magazin\/fr\/sujets\/decouvrir-et-explorer-robotique\/\" tabindex=\"0\"><div class=\"responsive-teaser\"><picture><source srcset=\"https:\/\/www.reichelt.com\/magazin\/wp-content\/uploads\/2023\/05\/titel-robotik-fr.webp\" media=\"(min-width: 48em)\"><source srcset=\"https:\/\/www.reichelt.com\/magazin\/wp-content\/uploads\/2023\/05\/titel-robotik-fr.webp\"><img decoding=\"async\" src=\"https:\/\/www.reichelt.com\/magazin\/wp-content\/uploads\/2023\/05\/titel-robotik-fr.webp\" alt=\"D\u00e9couvrir et explorer - Robotique et fabrication automatis\u00e9e\"><\/picture><div class=\"responsive-teaser-text\"><span class=\"responsive-teaser-meta green atrament\">Sujets &#8211; 2026\/02\/25<\/span><h2>D\u00e9couvrir et explorer : Robotique<\/h2><span>Les syst\u00e8mes autonomes, les robots collaboratifs et les machines humano\u00efdes transforment durablement l&#8217;industrie, la recherche et l&#8217;\u00e9ducation. Cette \u00e9volution est port\u00e9e par des capteurs de haute pr\u00e9cision, des mod\u00e8les d&#8217;intelligence artificielle (IA) de plus en plus performants et des plateformes robotiques toujours plus flexibles. Dans ce dossier th\u00e9matique, nous mettons en lumi\u00e8re les innovations technologiques [&hellip;]<\/span>Lire maintenant \u25ba<\/div><\/div><\/a>\t\t\t\t\t\t\t\t<\/div>\n\t\t\t\t<\/div>\n\t\t\t\t\t<\/div>\n\t\t<\/div>\n\t\t\t\t\t<\/div>\n\t\t<\/section>\n\t\t\t\t<\/div>\n\t\t\n\t\t\t\t\t\t\t\t\t\t\t\t\t<\/div>\n\t\t\t\t\t\t\t\t\t\t\t\t<div class=\"premium-carousel-template item-wrapper\" >\n\t\t\t\t\t\t\t<style>.elementor-widget-text-editor{font-family:var( --e-global-typography-text-font-family ), Sans-serif;font-weight:var( --e-global-typography-text-font-weight );color:var( --e-global-color-text );}.elementor-widget-text-editor.elementor-drop-cap-view-stacked .elementor-drop-cap{background-color:var( --e-global-color-primary );}.elementor-widget-text-editor.elementor-drop-cap-view-framed .elementor-drop-cap, .elementor-widget-text-editor.elementor-drop-cap-view-default .elementor-drop-cap{color:var( --e-global-color-primary );border-color:var( --e-global-color-primary );}<\/style>\t\t<div data-elementor-type=\"page\" data-elementor-id=\"35986\" class=\"elementor elementor-35986\" data-elementor-post-type=\"elementor_library\">\n\t\t\t\t\t\t<section class=\"elementor-section elementor-top-section elementor-element elementor-element-3a9c0a86 elementor-section-boxed elementor-section-height-default elementor-section-height-default\" data-id=\"3a9c0a86\" data-element_type=\"section\" data-e-type=\"section\">\n\t\t\t\t\t\t<div class=\"elementor-container elementor-column-gap-default\">\n\t\t\t\t\t<div class=\"elementor-column elementor-col-100 elementor-top-column elementor-element elementor-element-7c78402e\" data-id=\"7c78402e\" data-element_type=\"column\" data-e-type=\"column\">\n\t\t\t<div class=\"elementor-widget-wrap elementor-element-populated\">\n\t\t\t\t\t\t<div class=\"elementor-element elementor-element-70dc84d4 elementor-widget elementor-widget-text-editor\" data-id=\"70dc84d4\" data-element_type=\"widget\" data-e-type=\"widget\" data-widget_type=\"text-editor.default\">\n\t\t\t\t<div class=\"elementor-widget-container\">\n\t\t\t\t\t\t\t\t\t<a href=\"https:\/\/www.reichelt.com\/magazin\/fr\/infographies\/les-assistants-vocaux-ne-sont-plus-les-objets-connectes-preferes-des-francais\/\" tabindex=\"0\"><div class=\"responsive-teaser\"><picture><source srcset=\"https:\/\/www.reichelt.com\/magazin\/wp-content\/uploads\/2026\/08\/titel-smarthome.webp\" media=\"(min-width: 48em)\"><source srcset=\"https:\/\/www.reichelt.com\/magazin\/wp-content\/uploads\/2026\/08\/titel-smarthome.webp\"><img decoding=\"async\" src=\"https:\/\/www.reichelt.com\/magazin\/wp-content\/uploads\/2026\/08\/titel-smarthome.webp\" alt=\"Vom Trend zur Normalit\u00e4t: Smart Home hat sich im deutschen Alltag etabliert\"><\/picture><div class=\"responsive-teaser-text\"><span class=\"responsive-teaser-meta green atrament\">\u00c9tudes &#8211; 2026\/08\/06<\/span><h2>Les assistants vocaux ne sont plus les objets connect\u00e9s pr\u00e9f\u00e9r\u00e9s des Fran\u00e7ais<\/h2><span>Paris, 7 juillet 2026\u00a0\u2013 Pour de nombreux consommateurs, les objets connect\u00e9s se sont rapidement int\u00e9gr\u00e9s \u00e0 leur quotidien, au point qu\u2019un peu plus de la moiti\u00e9 des m\u00e9nages fran\u00e7ais (46 %) poss\u00e8dent un ou plusieurs objets connect\u00e9s. Toutefois, les motivations d\u2019achat diff\u00e8rent selon les g\u00e9n\u00e9rations\u00a0: si les plus \u00e2g\u00e9s sont plus int\u00e9ress\u00e9s pour am\u00e9liorer leur [&hellip;]<\/span>Lire maintenant \u25ba<\/div><\/div><\/a>\t\t\t\t\t\t\t\t<\/div>\n\t\t\t\t<\/div>\n\t\t\t\t\t<\/div>\n\t\t<\/div>\n\t\t\t\t\t<\/div>\n\t\t<\/section>\n\t\t\t\t<\/div>\n\t\t\n\t\t\t\t\t\t\t\t\t\t\t\t\t<\/div>\n\t\t\t\t\t\t\t\t\t<\/div>\n\n\t\t\t\n\t\t\t\n\t\t\t\t\t<\/div>\n\t\t\t\t\t\t<\/div>\n\t\t\t\t<\/div>\n\t\t\t\t\t<\/div>\n\t\t<\/div>\n\t\t\t\t\t<\/div>\n\t\t<\/section>\n\t\t\t\t<section class=\"elementor-section elementor-top-section elementor-element elementor-element-179c84e9 elementor-section-boxed elementor-section-height-default elementor-section-height-default\" data-id=\"179c84e9\" data-element_type=\"section\" data-e-type=\"section\">\n\t\t\t\t\t\t<div class=\"elementor-container elementor-column-gap-default\">\n\t\t\t\t\t<div class=\"elementor-column elementor-col-50 elementor-top-column elementor-element elementor-element-42afb6a1\" data-id=\"42afb6a1\" data-element_type=\"column\" data-e-type=\"column\">\n\t\t\t<div class=\"elementor-widget-wrap elementor-element-populated\">\n\t\t\t\t\t\t<div class=\"elementor-element elementor-element-34e3e2ac elementor-widget elementor-widget-heading\" data-id=\"34e3e2ac\" data-element_type=\"widget\" data-e-type=\"widget\" data-widget_type=\"heading.default\">\n\t\t\t\t<div class=\"elementor-widget-container\">\n\t\t\t\t\t<h2 class=\"elementor-heading-title elementor-size-default\"><a href=\"https:\/\/www.reichelt.com\/magazin\/?page_id=36580\">Actualit\u00e9s<\/a><\/h2>\t\t\t\t<\/div>\n\t\t\t\t<\/div>\n\t\t\t\t<div class=\"elementor-element elementor-element-1b6f2136 elementor-grid-3 elementor-grid-tablet-2 elementor-grid-mobile-1 elementor-posts--thumbnail-top elementor-widget elementor-widget-posts\" data-id=\"1b6f2136\" data-element_type=\"widget\" data-e-type=\"widget\" data-settings=\"{&quot;classic_columns&quot;:&quot;3&quot;,&quot;classic_columns_tablet&quot;:&quot;2&quot;,&quot;classic_columns_mobile&quot;:&quot;1&quot;,&quot;classic_row_gap&quot;:{&quot;unit&quot;:&quot;px&quot;,&quot;size&quot;:35,&quot;sizes&quot;:[]},&quot;classic_row_gap_tablet&quot;:{&quot;unit&quot;:&quot;px&quot;,&quot;size&quot;:&quot;&quot;,&quot;sizes&quot;:[]},&quot;classic_row_gap_mobile&quot;:{&quot;unit&quot;:&quot;px&quot;,&quot;size&quot;:&quot;&quot;,&quot;sizes&quot;:[]}}\" data-widget_type=\"posts.classic\">\n\t\t\t\t<div class=\"elementor-widget-container\">\n\t\t\t\t\t\t\t<div class=\"elementor-posts-container elementor-posts elementor-posts--skin-classic elementor-grid\" role=\"list\">\n\t\t\t\t<article class=\"elementor-post elementor-grid-item post-118244 post type-post status-publish format-standard has-post-thumbnail hentry category-actualites tag-brother-p-touch-cube-pro tag-imprimantes-detiquettes-mobiles\" role=\"listitem\">\n\t\t\t\t<a class=\"elementor-post__thumbnail__link\" href=\"https:\/\/www.reichelt.com\/magazin\/fr\/actualites\/imprimantes-detiquettes-mobiles-pour-installations-electriques-et-reseau-brother-p-touch-cube-pro\/\" tabindex=\"-1\" >\n\t\t\t<div class=\"elementor-post__thumbnail\"><img fetchpriority=\"high\" decoding=\"async\" width=\"800\" height=\"237\" src=\"https:\/\/www.reichelt.com\/magazin\/wp-content\/uploads\/2026\/07\/titel-p-touch-02-1024x303.webp\" class=\"attachment-large size-large wp-image-118290\" alt=\"Mobile Beschriftungsger\u00e4te f\u00fcr Elektro- und Netzwerkinstallationen\" srcset=\"https:\/\/www.reichelt.com\/magazin\/wp-content\/uploads\/2026\/07\/titel-p-touch-02-1024x303.webp 1024w, https:\/\/www.reichelt.com\/magazin\/wp-content\/uploads\/2026\/07\/titel-p-touch-02-300x89.webp 300w, https:\/\/www.reichelt.com\/magazin\/wp-content\/uploads\/2026\/07\/titel-p-touch-02-768x228.webp 768w, https:\/\/www.reichelt.com\/magazin\/wp-content\/uploads\/2026\/07\/titel-p-touch-02.webp 1350w\" sizes=\"(max-width: 800px) 100vw, 800px\" \/><\/div>\n\t\t<\/a>\n\t\t\t\t<div class=\"elementor-post__text\">\n\t\t\t\t<h3 class=\"elementor-post__title\">\n\t\t\t<a href=\"https:\/\/www.reichelt.com\/magazin\/fr\/actualites\/imprimantes-detiquettes-mobiles-pour-installations-electriques-et-reseau-brother-p-touch-cube-pro\/\" >\n\t\t\t\t\u00c9tiqueteuses portables pour les installations \u00e9lectriques et les r\u00e9seaux\t\t\t<\/a>\n\t\t<\/h3>\n\t\t\t\t<div class=\"elementor-post__meta-data\">\n\t\t\t\t\t<span class=\"elementor-post-date\">\n\t\t\t31 juillet 2026\t\t<\/span>\n\t\t\t\t<\/div>\n\t\t\n\t\t<a class=\"elementor-post__read-more\" href=\"https:\/\/www.reichelt.com\/magazin\/fr\/actualites\/imprimantes-detiquettes-mobiles-pour-installations-electriques-et-reseau-brother-p-touch-cube-pro\/\" aria-label=\"En savoir plus sur \u00c9tiqueteuses portables pour les installations \u00e9lectriques et les r\u00e9seaux\" tabindex=\"-1\" >\n\t\t\tLire maintenant \u25ba\t\t<\/a>\n\n\t\t\t\t<\/div>\n\t\t\t\t<\/article>\n\t\t\t\t<article class=\"elementor-post elementor-grid-item post-117990 post type-post status-publish format-standard has-post-thumbnail hentry category-actualites tag-camera-infrarouge tag-camera-thermique tag-thermographie tag-uni-t-uti760x\" role=\"listitem\">\n\t\t\t\t<a class=\"elementor-post__thumbnail__link\" href=\"https:\/\/www.reichelt.com\/magazin\/fr\/actualites\/uni-t-uti760x-camera-thermique-modulaire-pour-la-thermographie\/\" tabindex=\"-1\" >\n\t\t\t<div class=\"elementor-post__thumbnail\"><img decoding=\"async\" width=\"800\" height=\"237\" src=\"https:\/\/www.reichelt.com\/magazin\/wp-content\/uploads\/2026\/07\/uni-t-uti760x-1-1024x303.png\" class=\"attachment-large size-large wp-image-118006\" alt=\"UNI-T UTi760X: Modulare W\u00e4rmebildkamera f\u00fcr pr\u00e4zise Thermografie\" srcset=\"https:\/\/www.reichelt.com\/magazin\/wp-content\/uploads\/2026\/07\/uni-t-uti760x-1-1024x303.png 1024w, https:\/\/www.reichelt.com\/magazin\/wp-content\/uploads\/2026\/07\/uni-t-uti760x-1-300x89.png 300w, https:\/\/www.reichelt.com\/magazin\/wp-content\/uploads\/2026\/07\/uni-t-uti760x-1-768x228.png 768w, https:\/\/www.reichelt.com\/magazin\/wp-content\/uploads\/2026\/07\/uni-t-uti760x-1.png 1350w\" sizes=\"(max-width: 800px) 100vw, 800px\" \/><\/div>\n\t\t<\/a>\n\t\t\t\t<div class=\"elementor-post__text\">\n\t\t\t\t<h3 class=\"elementor-post__title\">\n\t\t\t<a href=\"https:\/\/www.reichelt.com\/magazin\/fr\/actualites\/uni-t-uti760x-camera-thermique-modulaire-pour-la-thermographie\/\" >\n\t\t\t\tL&#8217;UTi760X d&#8217;UNI-T est une cam\u00e9ra thermique modulaire permettant d&#8217;effectuer des mesures de temp\u00e9rature de pr\u00e9cision\t\t\t<\/a>\n\t\t<\/h3>\n\t\t\t\t<div class=\"elementor-post__meta-data\">\n\t\t\t\t\t<span class=\"elementor-post-date\">\n\t\t\t29 juillet 2026\t\t<\/span>\n\t\t\t\t<\/div>\n\t\t\n\t\t<a class=\"elementor-post__read-more\" href=\"https:\/\/www.reichelt.com\/magazin\/fr\/actualites\/uni-t-uti760x-camera-thermique-modulaire-pour-la-thermographie\/\" aria-label=\"En savoir plus sur L&#8217;UTi760X d&#8217;UNI-T est une cam\u00e9ra thermique modulaire permettant d&#8217;effectuer des mesures de temp\u00e9rature de pr\u00e9cision\" tabindex=\"-1\" >\n\t\t\tLire maintenant \u25ba\t\t<\/a>\n\n\t\t\t\t<\/div>\n\t\t\t\t<\/article>\n\t\t\t\t<article class=\"elementor-post elementor-grid-item post-117960 post type-post status-publish format-standard has-post-thumbnail hentry category-actualites tag-26-03-robotik-hersteller tag-keenon tag-robots-de-nettoyage tag-robots-de-service\" role=\"listitem\">\n\t\t\t\t<a class=\"elementor-post__thumbnail__link\" href=\"https:\/\/www.reichelt.com\/magazin\/fr\/actualites\/robots-de-service-et-de-nettoyage-pour-entreprises\/\" tabindex=\"-1\" >\n\t\t\t<div class=\"elementor-post__thumbnail\"><img decoding=\"async\" width=\"800\" height=\"237\" src=\"https:\/\/www.reichelt.com\/magazin\/wp-content\/uploads\/2026\/07\/titel-keenon-02-1024x303.webp\" class=\"attachment-large size-large wp-image-118130\" alt=\"Robots de service et de nettoyage pour les entreprises\" srcset=\"https:\/\/www.reichelt.com\/magazin\/wp-content\/uploads\/2026\/07\/titel-keenon-02-1024x303.webp 1024w, https:\/\/www.reichelt.com\/magazin\/wp-content\/uploads\/2026\/07\/titel-keenon-02-300x89.webp 300w, https:\/\/www.reichelt.com\/magazin\/wp-content\/uploads\/2026\/07\/titel-keenon-02-768x228.webp 768w, https:\/\/www.reichelt.com\/magazin\/wp-content\/uploads\/2026\/07\/titel-keenon-02.webp 1350w\" sizes=\"(max-width: 800px) 100vw, 800px\" \/><\/div>\n\t\t<\/a>\n\t\t\t\t<div class=\"elementor-post__text\">\n\t\t\t\t<h3 class=\"elementor-post__title\">\n\t\t\t<a href=\"https:\/\/www.reichelt.com\/magazin\/fr\/actualites\/robots-de-service-et-de-nettoyage-pour-entreprises\/\" >\n\t\t\t\tKEENON Robots de service et de nettoyage pour les entreprises : automatisez vos processus et all\u00e9gez la charge de travail de votre personnel\t\t\t<\/a>\n\t\t<\/h3>\n\t\t\t\t<div class=\"elementor-post__meta-data\">\n\t\t\t\t\t<span class=\"elementor-post-date\">\n\t\t\t24 juillet 2026\t\t<\/span>\n\t\t\t\t<\/div>\n\t\t\n\t\t<a class=\"elementor-post__read-more\" href=\"https:\/\/www.reichelt.com\/magazin\/fr\/actualites\/robots-de-service-et-de-nettoyage-pour-entreprises\/\" aria-label=\"En savoir plus sur KEENON Robots de service et de nettoyage pour les entreprises : automatisez vos processus et all\u00e9gez la charge de travail de votre personnel\" tabindex=\"-1\" >\n\t\t\tLire maintenant \u25ba\t\t<\/a>\n\n\t\t\t\t<\/div>\n\t\t\t\t<\/article>\n\t\t\t\t<\/div>\n\t\t\n\t\t\t\t\t\t<\/div>\n\t\t\t\t<\/div>\n\t\t\t\t\t<\/div>\n\t\t<\/div>\n\t\t\t\t<div class=\"elementor-column elementor-col-50 elementor-top-column elementor-element elementor-element-67684ed6 sidebar elementor-hidden-tablet elementor-hidden-phone\" data-id=\"67684ed6\" data-element_type=\"column\" data-e-type=\"column\">\n\t\t\t<div class=\"elementor-widget-wrap elementor-element-populated\">\n\t\t\t\t\t\t<div class=\"elementor-element elementor-element-e73af18 elementor-widget elementor-widget-global elementor-global-37552 elementor-global-37508 elementor-widget-heading\" data-id=\"e73af18\" data-element_type=\"widget\" data-e-type=\"widget\" data-widget_type=\"heading.default\">\n\t\t\t\t<div class=\"elementor-widget-container\">\n\t\t\t\t\t<h2 class=\"elementor-heading-title elementor-size-default\">Derni\u00e8res contributions<\/h2>\t\t\t\t<\/div>\n\t\t\t\t<\/div>\n\t\t\t\t<div class=\"elementor-element elementor-element-404980d elementor-grid-1 elementor-grid-tablet-2 elementor-grid-mobile-1 elementor-posts--thumbnail-top elementor-posts__hover-gradient elementor-widget elementor-widget-global elementor-global-37397 elementor-widget-posts\" data-id=\"404980d\" data-element_type=\"widget\" data-e-type=\"widget\" data-settings=\"{&quot;cards_columns&quot;:&quot;1&quot;,&quot;cards_columns_tablet&quot;:&quot;2&quot;,&quot;cards_columns_mobile&quot;:&quot;1&quot;,&quot;cards_row_gap&quot;:{&quot;unit&quot;:&quot;px&quot;,&quot;size&quot;:35,&quot;sizes&quot;:[]},&quot;cards_row_gap_tablet&quot;:{&quot;unit&quot;:&quot;px&quot;,&quot;size&quot;:&quot;&quot;,&quot;sizes&quot;:[]},&quot;cards_row_gap_mobile&quot;:{&quot;unit&quot;:&quot;px&quot;,&quot;size&quot;:&quot;&quot;,&quot;sizes&quot;:[]}}\" data-widget_type=\"posts.cards\">\n\t\t\t\t<div class=\"elementor-widget-container\">\n\t\t\t\t\t\t\t<div class=\"elementor-posts-container elementor-posts elementor-posts--skin-cards elementor-grid\" role=\"list\">\n\t\t\t\t<article class=\"elementor-post elementor-grid-item post-118522 post type-post status-publish format-standard has-post-thumbnail hentry category-conseils tag-iot tag-microcontroleur-2 tag-prototypage tag-systemes-embarques\" role=\"listitem\">\n\t\t\t<div class=\"elementor-post__card\">\n\t\t\t\t<a class=\"elementor-post__thumbnail__link\" href=\"https:\/\/www.reichelt.com\/magazin\/fr\/conseils\/mini-cartes-maxi-possibilites-les-microcontroleurs-xiao-de-seeed\/\" tabindex=\"-1\" ><div class=\"elementor-post__thumbnail\"><img loading=\"lazy\" decoding=\"async\" width=\"300\" height=\"89\" src=\"https:\/\/www.reichelt.com\/magazin\/wp-content\/uploads\/2026\/08\/titel-xiao-90-300x89.webp\" class=\"attachment-medium size-medium wp-image-118520\" alt=\"Kleine Boards, gro\u00dfe Einsatzm\u00f6glichkeiten: Die XIAO-Mikrocontroller-Boards von SEEED\" srcset=\"https:\/\/www.reichelt.com\/magazin\/wp-content\/uploads\/2026\/08\/titel-xiao-90-300x89.webp 300w, https:\/\/www.reichelt.com\/magazin\/wp-content\/uploads\/2026\/08\/titel-xiao-90-1024x303.webp 1024w, https:\/\/www.reichelt.com\/magazin\/wp-content\/uploads\/2026\/08\/titel-xiao-90-768x228.webp 768w, https:\/\/www.reichelt.com\/magazin\/wp-content\/uploads\/2026\/08\/titel-xiao-90.webp 1350w\" sizes=\"(max-width: 300px) 100vw, 300px\" \/><\/div><\/a>\n\t\t\t\t<div class=\"elementor-post__badge\">Tutoriels<\/div>\n\t\t\t\t<div class=\"elementor-post__text\">\n\t\t\t\t<h3 class=\"elementor-post__title\">\n\t\t\t<a href=\"https:\/\/www.reichelt.com\/magazin\/fr\/conseils\/mini-cartes-maxi-possibilites-les-microcontroleurs-xiao-de-seeed\/\" >\n\t\t\t\tMini-cartes, maxi-possibilit\u00e9s : Les microcontr\u00f4leurs XIAO de SEEED\t\t\t<\/a>\n\t\t<\/h3>\n\t\t\t\t<\/div>\n\t\t\t\t<div class=\"elementor-post__meta-data\">\n\t\t\t\t\t<span class=\"elementor-post-date\">\n\t\t\t24 ao\u00fbt 2026\t\t<\/span>\n\t\t\t\t<\/div>\n\t\t\t\t\t<\/div>\n\t\t<\/article>\n\t\t\t\t<article class=\"elementor-post elementor-grid-item post-100321 post type-post status-publish format-standard has-post-thumbnail hentry category-conseils tag-automatisation tag-bluetooth tag-domotique tag-efficacite-energetique tag-shelly tag-smart-home-2 tag-z-wave\" role=\"listitem\">\n\t\t\t<div class=\"elementor-post__card\">\n\t\t\t\t<a class=\"elementor-post__thumbnail__link\" href=\"https:\/\/www.reichelt.com\/magazin\/fr\/conseils\/decouvrez-lavenir-avec-shelly-vers-plus-de-confort-dans-la-maison-intelligente\/\" tabindex=\"-1\" ><div class=\"elementor-post__thumbnail\"><img loading=\"lazy\" decoding=\"async\" width=\"300\" height=\"89\" src=\"https:\/\/www.reichelt.com\/magazin\/wp-content\/uploads\/2024\/11\/titel-shelly-komfort-im-smarhome-300x89.webp\" class=\"attachment-medium size-medium wp-image-118712\" alt=\"Die Zukunft mit Shelly entdecken: Der Weg zu mehr Komfort im Smart Home\" srcset=\"https:\/\/www.reichelt.com\/magazin\/wp-content\/uploads\/2024\/11\/titel-shelly-komfort-im-smarhome-300x89.webp 300w, https:\/\/www.reichelt.com\/magazin\/wp-content\/uploads\/2024\/11\/titel-shelly-komfort-im-smarhome-1024x303.webp 1024w, https:\/\/www.reichelt.com\/magazin\/wp-content\/uploads\/2024\/11\/titel-shelly-komfort-im-smarhome-768x228.webp 768w, https:\/\/www.reichelt.com\/magazin\/wp-content\/uploads\/2024\/11\/titel-shelly-komfort-im-smarhome.webp 1350w\" sizes=\"(max-width: 300px) 100vw, 300px\" \/><\/div><\/a>\n\t\t\t\t<div class=\"elementor-post__badge\">Tutoriels<\/div>\n\t\t\t\t<div class=\"elementor-post__text\">\n\t\t\t\t<h3 class=\"elementor-post__title\">\n\t\t\t<a href=\"https:\/\/www.reichelt.com\/magazin\/fr\/conseils\/decouvrez-lavenir-avec-shelly-vers-plus-de-confort-dans-la-maison-intelligente\/\" >\n\t\t\t\tD\u00e9couvrez l&#8217;avenir avec Shelly : vers plus de  confort dans la maison intelligente\t\t\t<\/a>\n\t\t<\/h3>\n\t\t\t\t<\/div>\n\t\t\t\t<div class=\"elementor-post__meta-data\">\n\t\t\t\t\t<span class=\"elementor-post-date\">\n\t\t\t21 ao\u00fbt 2026\t\t<\/span>\n\t\t\t\t<\/div>\n\t\t\t\t\t<\/div>\n\t\t<\/article>\n\t\t\t\t<article class=\"elementor-post elementor-grid-item post-39965 post type-post status-publish format-standard has-post-thumbnail hentry category-conseils tag-adaptateur tag-chargeur tag-connecteur-usb-c tag-smartphone tag-usb tag-usb-power-delivery tag-usb-c\" role=\"listitem\">\n\t\t\t<div class=\"elementor-post__card\">\n\t\t\t\t<a class=\"elementor-post__thumbnail__link\" href=\"https:\/\/www.reichelt.com\/magazin\/fr\/conseils\/la-technologie-usb-c-plus-rapide-plus-resistant-et-reversible\/\" tabindex=\"-1\" ><div class=\"elementor-post__thumbnail\"><img loading=\"lazy\" decoding=\"async\" width=\"300\" height=\"89\" src=\"https:\/\/www.reichelt.com\/magazin\/wp-content\/uploads\/2018\/10\/titel-usb-c-300x89.webp\" class=\"attachment-medium size-medium wp-image-118654\" alt=\"USB-C \u2013 schneller, leistungsf\u00e4higer und vielseitig einsetzbar\" srcset=\"https:\/\/www.reichelt.com\/magazin\/wp-content\/uploads\/2018\/10\/titel-usb-c-300x89.webp 300w, https:\/\/www.reichelt.com\/magazin\/wp-content\/uploads\/2018\/10\/titel-usb-c-1024x303.webp 1024w, https:\/\/www.reichelt.com\/magazin\/wp-content\/uploads\/2018\/10\/titel-usb-c-768x228.webp 768w, https:\/\/www.reichelt.com\/magazin\/wp-content\/uploads\/2018\/10\/titel-usb-c.webp 1350w\" sizes=\"(max-width: 300px) 100vw, 300px\" \/><\/div><\/a>\n\t\t\t\t<div class=\"elementor-post__badge\">Tutoriels<\/div>\n\t\t\t\t<div class=\"elementor-post__text\">\n\t\t\t\t<h3 class=\"elementor-post__title\">\n\t\t\t<a href=\"https:\/\/www.reichelt.com\/magazin\/fr\/conseils\/la-technologie-usb-c-plus-rapide-plus-resistant-et-reversible\/\" >\n\t\t\t\tLa technologie USB-C\u00a0: plus rapide, performant et polyvalent\t\t\t<\/a>\n\t\t<\/h3>\n\t\t\t\t<\/div>\n\t\t\t\t<div class=\"elementor-post__meta-data\">\n\t\t\t\t\t<span class=\"elementor-post-date\">\n\t\t\t19 ao\u00fbt 2026\t\t<\/span>\n\t\t\t\t<\/div>\n\t\t\t\t\t<\/div>\n\t\t<\/article>\n\t\t\t\t<article class=\"elementor-post elementor-grid-item post-42585 post type-post status-publish format-standard has-post-thumbnail hentry category-conseils\" role=\"listitem\">\n\t\t\t<div class=\"elementor-post__card\">\n\t\t\t\t<a class=\"elementor-post__thumbnail__link\" href=\"https:\/\/www.reichelt.com\/magazin\/fr\/conseils\/apercu-des-normes-usb-de-lusb-3-0-a-lusb-4\/\" tabindex=\"-1\" ><div class=\"elementor-post__thumbnail\"><img loading=\"lazy\" decoding=\"async\" width=\"300\" height=\"89\" src=\"https:\/\/www.reichelt.com\/magazin\/wp-content\/uploads\/2021\/08\/titel-usb-standards-300x89.webp\" class=\"attachment-medium size-medium wp-image-118596\" alt=\"USB-Standards im \u00dcberblick: USB 3.0 bis USB4\" srcset=\"https:\/\/www.reichelt.com\/magazin\/wp-content\/uploads\/2021\/08\/titel-usb-standards-300x89.webp 300w, https:\/\/www.reichelt.com\/magazin\/wp-content\/uploads\/2021\/08\/titel-usb-standards-1024x303.webp 1024w, https:\/\/www.reichelt.com\/magazin\/wp-content\/uploads\/2021\/08\/titel-usb-standards-768x228.webp 768w, https:\/\/www.reichelt.com\/magazin\/wp-content\/uploads\/2021\/08\/titel-usb-standards.webp 1350w\" sizes=\"(max-width: 300px) 100vw, 300px\" \/><\/div><\/a>\n\t\t\t\t<div class=\"elementor-post__badge\">Tutoriels<\/div>\n\t\t\t\t<div class=\"elementor-post__text\">\n\t\t\t\t<h3 class=\"elementor-post__title\">\n\t\t\t<a href=\"https:\/\/www.reichelt.com\/magazin\/fr\/conseils\/apercu-des-normes-usb-de-lusb-3-0-a-lusb-4\/\" >\n\t\t\t\tAper\u00e7u des normes USB : de l&#8217;USB 3.0 \u00e0 l&#8217;USB 4\t\t\t<\/a>\n\t\t<\/h3>\n\t\t\t\t<\/div>\n\t\t\t\t<div class=\"elementor-post__meta-data\">\n\t\t\t\t\t<span class=\"elementor-post-date\">\n\t\t\t11 ao\u00fbt 2026\t\t<\/span>\n\t\t\t\t<\/div>\n\t\t\t\t\t<\/div>\n\t\t<\/article>\n\t\t\t\t<article class=\"elementor-post elementor-grid-item post-118392 post type-post status-publish format-standard has-post-thumbnail hentry category-infographies tag-etude-smart-home tag-maison-connectee tag-securite-des-donnees tag-wi-fi\" role=\"listitem\">\n\t\t\t<div class=\"elementor-post__card\">\n\t\t\t\t<a class=\"elementor-post__thumbnail__link\" href=\"https:\/\/www.reichelt.com\/magazin\/fr\/infographies\/les-assistants-vocaux-ne-sont-plus-les-objets-connectes-preferes-des-francais\/\" tabindex=\"-1\" ><div class=\"elementor-post__thumbnail\"><img loading=\"lazy\" decoding=\"async\" width=\"300\" height=\"89\" src=\"https:\/\/www.reichelt.com\/magazin\/wp-content\/uploads\/2026\/08\/titel-smarthome-300x89.webp\" class=\"attachment-medium size-medium wp-image-118390\" alt=\"Vom Trend zur Normalit\u00e4t: Smart Home hat sich im deutschen Alltag etabliert\" srcset=\"https:\/\/www.reichelt.com\/magazin\/wp-content\/uploads\/2026\/08\/titel-smarthome-300x89.webp 300w, https:\/\/www.reichelt.com\/magazin\/wp-content\/uploads\/2026\/08\/titel-smarthome-1024x303.webp 1024w, https:\/\/www.reichelt.com\/magazin\/wp-content\/uploads\/2026\/08\/titel-smarthome-768x228.webp 768w, https:\/\/www.reichelt.com\/magazin\/wp-content\/uploads\/2026\/08\/titel-smarthome.webp 1350w\" sizes=\"(max-width: 300px) 100vw, 300px\" \/><\/div><\/a>\n\t\t\t\t<div class=\"elementor-post__badge\">\u00c9tudes<\/div>\n\t\t\t\t<div class=\"elementor-post__text\">\n\t\t\t\t<h3 class=\"elementor-post__title\">\n\t\t\t<a href=\"https:\/\/www.reichelt.com\/magazin\/fr\/infographies\/les-assistants-vocaux-ne-sont-plus-les-objets-connectes-preferes-des-francais\/\" >\n\t\t\t\tLes assistants vocaux ne sont plus les objets connect\u00e9s pr\u00e9f\u00e9r\u00e9s des Fran\u00e7ais\t\t\t<\/a>\n\t\t<\/h3>\n\t\t\t\t<\/div>\n\t\t\t\t<div class=\"elementor-post__meta-data\">\n\t\t\t\t\t<span class=\"elementor-post-date\">\n\t\t\t6 ao\u00fbt 2026\t\t<\/span>\n\t\t\t\t<\/div>\n\t\t\t\t\t<\/div>\n\t\t<\/article>\n\t\t\t\t<article class=\"elementor-post elementor-grid-item post-118244 post type-post status-publish format-standard has-post-thumbnail hentry category-actualites tag-brother-p-touch-cube-pro tag-imprimantes-detiquettes-mobiles\" role=\"listitem\">\n\t\t\t<div class=\"elementor-post__card\">\n\t\t\t\t<a class=\"elementor-post__thumbnail__link\" href=\"https:\/\/www.reichelt.com\/magazin\/fr\/actualites\/imprimantes-detiquettes-mobiles-pour-installations-electriques-et-reseau-brother-p-touch-cube-pro\/\" tabindex=\"-1\" ><div class=\"elementor-post__thumbnail\"><img loading=\"lazy\" decoding=\"async\" width=\"300\" height=\"89\" src=\"https:\/\/www.reichelt.com\/magazin\/wp-content\/uploads\/2026\/07\/titel-p-touch-02-300x89.webp\" class=\"attachment-medium size-medium wp-image-118290\" alt=\"Mobile Beschriftungsger\u00e4te f\u00fcr Elektro- und Netzwerkinstallationen\" srcset=\"https:\/\/www.reichelt.com\/magazin\/wp-content\/uploads\/2026\/07\/titel-p-touch-02-300x89.webp 300w, https:\/\/www.reichelt.com\/magazin\/wp-content\/uploads\/2026\/07\/titel-p-touch-02-1024x303.webp 1024w, https:\/\/www.reichelt.com\/magazin\/wp-content\/uploads\/2026\/07\/titel-p-touch-02-768x228.webp 768w, https:\/\/www.reichelt.com\/magazin\/wp-content\/uploads\/2026\/07\/titel-p-touch-02.webp 1350w\" sizes=\"(max-width: 300px) 100vw, 300px\" \/><\/div><\/a>\n\t\t\t\t<div class=\"elementor-post__badge\">Actualit\u00e9s<\/div>\n\t\t\t\t<div class=\"elementor-post__text\">\n\t\t\t\t<h3 class=\"elementor-post__title\">\n\t\t\t<a href=\"https:\/\/www.reichelt.com\/magazin\/fr\/actualites\/imprimantes-detiquettes-mobiles-pour-installations-electriques-et-reseau-brother-p-touch-cube-pro\/\" >\n\t\t\t\t\u00c9tiqueteuses portables pour les installations \u00e9lectriques et les r\u00e9seaux\t\t\t<\/a>\n\t\t<\/h3>\n\t\t\t\t<\/div>\n\t\t\t\t<div class=\"elementor-post__meta-data\">\n\t\t\t\t\t<span class=\"elementor-post-date\">\n\t\t\t31 juillet 2026\t\t<\/span>\n\t\t\t\t<\/div>\n\t\t\t\t\t<\/div>\n\t\t<\/article>\n\t\t\t\t<\/div>\n\t\t\n\t\t\t\t\t\t<\/div>\n\t\t\t\t<\/div>\n\t\t\t\t\t<\/div>\n\t\t<\/div>\n\t\t\t\t\t<\/div>\n\t\t<\/section>\n\t\t\t\t<section class=\"elementor-section elementor-top-section elementor-element elementor-element-66890316 elementor-section-boxed elementor-section-height-default elementor-section-height-default\" data-id=\"66890316\" data-element_type=\"section\" data-e-type=\"section\">\n\t\t\t\t\t\t<div class=\"elementor-container elementor-column-gap-default\">\n\t\t\t\t\t<div class=\"elementor-column elementor-col-50 elementor-top-column elementor-element elementor-element-7ad672ad\" data-id=\"7ad672ad\" data-element_type=\"column\" data-e-type=\"column\">\n\t\t\t<div class=\"elementor-widget-wrap elementor-element-populated\">\n\t\t\t\t\t\t<div class=\"elementor-element elementor-element-3b7acfc6 elementor-widget elementor-widget-heading\" data-id=\"3b7acfc6\" data-element_type=\"widget\" data-e-type=\"widget\" data-widget_type=\"heading.default\">\n\t\t\t\t<div class=\"elementor-widget-container\">\n\t\t\t\t\t<h2 class=\"elementor-heading-title elementor-size-default\"><a href=\"https:\/\/www.reichelt.com\/magazin\/?page_id=36583\">Projets<\/a><\/h2>\t\t\t\t<\/div>\n\t\t\t\t<\/div>\n\t\t\t\t<div class=\"elementor-element elementor-element-1f7ac72b elementor-grid-3 elementor-grid-tablet-2 elementor-grid-mobile-1 elementor-posts--thumbnail-top elementor-widget elementor-widget-posts\" data-id=\"1f7ac72b\" data-element_type=\"widget\" data-e-type=\"widget\" data-settings=\"{&quot;classic_columns&quot;:&quot;3&quot;,&quot;classic_columns_tablet&quot;:&quot;2&quot;,&quot;classic_columns_mobile&quot;:&quot;1&quot;,&quot;classic_row_gap&quot;:{&quot;unit&quot;:&quot;px&quot;,&quot;size&quot;:35,&quot;sizes&quot;:[]},&quot;classic_row_gap_tablet&quot;:{&quot;unit&quot;:&quot;px&quot;,&quot;size&quot;:&quot;&quot;,&quot;sizes&quot;:[]},&quot;classic_row_gap_mobile&quot;:{&quot;unit&quot;:&quot;px&quot;,&quot;size&quot;:&quot;&quot;,&quot;sizes&quot;:[]}}\" data-widget_type=\"posts.classic\">\n\t\t\t\t<div class=\"elementor-widget-container\">\n\t\t\t\t\t\t\t<div class=\"elementor-posts-container elementor-posts elementor-posts--skin-classic elementor-grid\" role=\"list\">\n\t\t\t\t<article class=\"elementor-post elementor-grid-item post-113941 post type-post status-publish format-standard has-post-thumbnail hentry category-projets tag-26-03-robotik tag-arduino tag-bras-robotique tag-iot tag-python tag-raspberry-pi\" role=\"listitem\">\n\t\t\t\t<a class=\"elementor-post__thumbnail__link\" href=\"https:\/\/www.reichelt.com\/magazin\/fr\/projets\/entrez-dans-lunivers-de-la-robotique-avec-grab-it-partie-2\/\" tabindex=\"-1\" >\n\t\t\t<div class=\"elementor-post__thumbnail\"><img loading=\"lazy\" decoding=\"async\" width=\"800\" height=\"237\" src=\"https:\/\/www.reichelt.com\/magazin\/wp-content\/uploads\/2026\/02\/titel-grab-it-02-fr-2-1024x303.webp\" class=\"attachment-large size-large wp-image-114573\" alt=\"Entrez dans l\u2019univers de la robotique avec Grab-it \u2013 Partie 2\" srcset=\"https:\/\/www.reichelt.com\/magazin\/wp-content\/uploads\/2026\/02\/titel-grab-it-02-fr-2-1024x303.webp 1024w, https:\/\/www.reichelt.com\/magazin\/wp-content\/uploads\/2026\/02\/titel-grab-it-02-fr-2-300x89.webp 300w, https:\/\/www.reichelt.com\/magazin\/wp-content\/uploads\/2026\/02\/titel-grab-it-02-fr-2-768x228.webp 768w, https:\/\/www.reichelt.com\/magazin\/wp-content\/uploads\/2026\/02\/titel-grab-it-02-fr-2.webp 1350w\" sizes=\"(max-width: 800px) 100vw, 800px\" \/><\/div>\n\t\t<\/a>\n\t\t\t\t<div class=\"elementor-post__text\">\n\t\t\t\t<h3 class=\"elementor-post__title\">\n\t\t\t<a href=\"https:\/\/www.reichelt.com\/magazin\/fr\/projets\/entrez-dans-lunivers-de-la-robotique-avec-grab-it-partie-2\/\" >\n\t\t\t\tEntrez dans l&#8217;univers de la robotique avec Grab-it \u2013 Partie 2\t\t\t<\/a>\n\t\t<\/h3>\n\t\t\t\t<div class=\"elementor-post__meta-data\">\n\t\t\t\t\t<span class=\"elementor-post-date\">\n\t\t\t17 f\u00e9vrier 2026\t\t<\/span>\n\t\t\t\t<\/div>\n\t\t\n\t\t<a class=\"elementor-post__read-more\" href=\"https:\/\/www.reichelt.com\/magazin\/fr\/projets\/entrez-dans-lunivers-de-la-robotique-avec-grab-it-partie-2\/\" aria-label=\"En savoir plus sur Entrez dans l&#8217;univers de la robotique avec Grab-it \u2013 Partie 2\" tabindex=\"-1\" >\n\t\t\tLire maintenant \u25ba\t\t<\/a>\n\n\t\t\t\t<\/div>\n\t\t\t\t<\/article>\n\t\t\t\t<article class=\"elementor-post elementor-grid-item post-113701 post type-post status-publish format-standard has-post-thumbnail hentry category-projets tag-26-03-robotik tag-arduino tag-bras-robotise tag-raspberry-pi tag-robotique\" role=\"listitem\">\n\t\t\t\t<a class=\"elementor-post__thumbnail__link\" href=\"https:\/\/www.reichelt.com\/magazin\/fr\/projets\/entrez-dans-lunivers-de-la-robotique-avec-grab-it-partie-1\/\" tabindex=\"-1\" >\n\t\t\t<div class=\"elementor-post__thumbnail\"><img loading=\"lazy\" decoding=\"async\" width=\"800\" height=\"237\" src=\"https:\/\/www.reichelt.com\/magazin\/wp-content\/uploads\/2026\/02\/titel-grab-it-roboterarm-fr-1024x303.webp\" class=\"attachment-large size-large wp-image-113793\" alt=\"Entrez dans le monde de la robotique avec Grab-it - Partie 1\" srcset=\"https:\/\/www.reichelt.com\/magazin\/wp-content\/uploads\/2026\/02\/titel-grab-it-roboterarm-fr-1024x303.webp 1024w, https:\/\/www.reichelt.com\/magazin\/wp-content\/uploads\/2026\/02\/titel-grab-it-roboterarm-fr-300x89.webp 300w, https:\/\/www.reichelt.com\/magazin\/wp-content\/uploads\/2026\/02\/titel-grab-it-roboterarm-fr-768x228.webp 768w, https:\/\/www.reichelt.com\/magazin\/wp-content\/uploads\/2026\/02\/titel-grab-it-roboterarm-fr.webp 1350w\" sizes=\"(max-width: 800px) 100vw, 800px\" \/><\/div>\n\t\t<\/a>\n\t\t\t\t<div class=\"elementor-post__text\">\n\t\t\t\t<h3 class=\"elementor-post__title\">\n\t\t\t<a href=\"https:\/\/www.reichelt.com\/magazin\/fr\/projets\/entrez-dans-lunivers-de-la-robotique-avec-grab-it-partie-1\/\" >\n\t\t\t\tEntrez dans l&#8217;univers de la robotique avec Grab-it \u2013 Partie 1\t\t\t<\/a>\n\t\t<\/h3>\n\t\t\t\t<div class=\"elementor-post__meta-data\">\n\t\t\t\t\t<span class=\"elementor-post-date\">\n\t\t\t16 f\u00e9vrier 2026\t\t<\/span>\n\t\t\t\t<\/div>\n\t\t\n\t\t<a class=\"elementor-post__read-more\" href=\"https:\/\/www.reichelt.com\/magazin\/fr\/projets\/entrez-dans-lunivers-de-la-robotique-avec-grab-it-partie-1\/\" aria-label=\"En savoir plus sur Entrez dans l&#8217;univers de la robotique avec Grab-it \u2013 Partie 1\" tabindex=\"-1\" >\n\t\t\tLire maintenant \u25ba\t\t<\/a>\n\n\t\t\t\t<\/div>\n\t\t\t\t<\/article>\n\t\t\t\t<article class=\"elementor-post elementor-grid-item post-110652 post type-post status-publish format-standard has-post-thumbnail hentry category-projets tag-mesures tag-optimisation-du-chauffage tag-surveillance-de-temperature tag-systeme-de-chauffage tag-traitement-des-donnees\" role=\"listitem\">\n\t\t\t\t<a class=\"elementor-post__thumbnail__link\" href=\"https:\/\/www.reichelt.com\/magazin\/fr\/projets\/surveillance-de-la-temperature-pour-les-installations-de-chauffage-2eme-partie\/\" tabindex=\"-1\" >\n\t\t\t<div class=\"elementor-post__thumbnail\"><img loading=\"lazy\" decoding=\"async\" width=\"800\" height=\"237\" src=\"https:\/\/www.reichelt.com\/magazin\/wp-content\/uploads\/2025\/10\/titel-heizungsanlage-daten-fr-1024x303.png\" class=\"attachment-large size-large wp-image-110650\" alt=\"Surveillance de la temp\u00e9rature pour les installations de chauffage \u2013 Partie 2 : Traitement des donn\u00e9es\" srcset=\"https:\/\/www.reichelt.com\/magazin\/wp-content\/uploads\/2025\/10\/titel-heizungsanlage-daten-fr-1024x303.png 1024w, https:\/\/www.reichelt.com\/magazin\/wp-content\/uploads\/2025\/10\/titel-heizungsanlage-daten-fr-300x89.png 300w, https:\/\/www.reichelt.com\/magazin\/wp-content\/uploads\/2025\/10\/titel-heizungsanlage-daten-fr-768x228.png 768w, https:\/\/www.reichelt.com\/magazin\/wp-content\/uploads\/2025\/10\/titel-heizungsanlage-daten-fr.png 1350w\" sizes=\"(max-width: 800px) 100vw, 800px\" \/><\/div>\n\t\t<\/a>\n\t\t\t\t<div class=\"elementor-post__text\">\n\t\t\t\t<h3 class=\"elementor-post__title\">\n\t\t\t<a href=\"https:\/\/www.reichelt.com\/magazin\/fr\/projets\/surveillance-de-la-temperature-pour-les-installations-de-chauffage-2eme-partie\/\" >\n\t\t\t\tSurveillance de la temp\u00e9rature pour les installations de chauffage \u2013 2\u00e8me partie\t\t\t<\/a>\n\t\t<\/h3>\n\t\t\t\t<div class=\"elementor-post__meta-data\">\n\t\t\t\t\t<span class=\"elementor-post-date\">\n\t\t\t10 novembre 2025\t\t<\/span>\n\t\t\t\t<\/div>\n\t\t\n\t\t<a class=\"elementor-post__read-more\" href=\"https:\/\/www.reichelt.com\/magazin\/fr\/projets\/surveillance-de-la-temperature-pour-les-installations-de-chauffage-2eme-partie\/\" aria-label=\"En savoir plus sur Surveillance de la temp\u00e9rature pour les installations de chauffage \u2013 2\u00e8me partie\" tabindex=\"-1\" >\n\t\t\tLire maintenant \u25ba\t\t<\/a>\n\n\t\t\t\t<\/div>\n\t\t\t\t<\/article>\n\t\t\t\t<\/div>\n\t\t\n\t\t\t\t\t\t<\/div>\n\t\t\t\t<\/div>\n\t\t\t\t\t<\/div>\n\t\t<\/div>\n\t\t\t\t<div class=\"elementor-column elementor-col-50 elementor-top-column elementor-element elementor-element-16814909 elementor-hidden-tablet elementor-hidden-phone sidebar\" data-id=\"16814909\" data-element_type=\"column\" data-e-type=\"column\">\n\t\t\t<div class=\"elementor-widget-wrap elementor-element-populated\">\n\t\t\t\t\t\t<div class=\"elementor-element elementor-element-6aba9d3 elementor-widget elementor-widget-global elementor-global-37550 elementor-global-37511 elementor-widget-heading\" data-id=\"6aba9d3\" data-element_type=\"widget\" data-e-type=\"widget\" data-widget_type=\"heading.default\">\n\t\t\t\t<div class=\"elementor-widget-container\">\n\t\t\t\t\t<h2 class=\"elementor-heading-title elementor-size-default\">Plus lu<\/h2>\t\t\t\t<\/div>\n\t\t\t\t<\/div>\n\t\t\t\t<div class=\"elementor-element elementor-element-00c0c72 elementor-grid-1 elementor-grid-tablet-2 elementor-grid-mobile-1 elementor-posts--thumbnail-top elementor-posts__hover-gradient elementor-widget elementor-widget-global elementor-global-37400 elementor-widget-posts\" data-id=\"00c0c72\" data-element_type=\"widget\" data-e-type=\"widget\" data-settings=\"{&quot;cards_columns&quot;:&quot;1&quot;,&quot;cards_columns_tablet&quot;:&quot;2&quot;,&quot;cards_columns_mobile&quot;:&quot;1&quot;,&quot;cards_row_gap&quot;:{&quot;unit&quot;:&quot;px&quot;,&quot;size&quot;:35,&quot;sizes&quot;:[]},&quot;cards_row_gap_tablet&quot;:{&quot;unit&quot;:&quot;px&quot;,&quot;size&quot;:&quot;&quot;,&quot;sizes&quot;:[]},&quot;cards_row_gap_mobile&quot;:{&quot;unit&quot;:&quot;px&quot;,&quot;size&quot;:&quot;&quot;,&quot;sizes&quot;:[]}}\" data-widget_type=\"posts.cards\">\n\t\t\t\t<div class=\"elementor-widget-container\">\n\t\t\t\t\t\t\t<div class=\"elementor-posts-container elementor-posts elementor-posts--skin-cards elementor-grid\" role=\"list\">\n\t\t\t\t<article class=\"elementor-post elementor-grid-item post-39973 post type-post status-publish format-standard has-post-thumbnail hentry category-sujets tag-eclairage-intelligent tag-led\" role=\"listitem\">\n\t\t\t<div class=\"elementor-post__card\">\n\t\t\t\t<a class=\"elementor-post__thumbnail__link\" href=\"https:\/\/www.reichelt.com\/magazin\/fr\/sujets\/tout-ce-que-vous-devez-savoir-sur-l-eclairage-lintelligent\/\" tabindex=\"-1\" ><div class=\"elementor-post__thumbnail\"><img loading=\"lazy\" decoding=\"async\" width=\"300\" height=\"89\" src=\"https:\/\/www.reichelt.com\/magazin\/wp-content\/uploads\/2018\/12\/Titel_Lichtmangement-300x89.png\" class=\"attachment-medium size-medium wp-image-91481\" alt=\"Place aux ambiances chaleureuses \u2013 ce que vous devez savoir sur l\u2019\u00e9clairage l\u2019intelligent\" srcset=\"https:\/\/www.reichelt.com\/magazin\/wp-content\/uploads\/2018\/12\/Titel_Lichtmangement-300x89.png 300w, https:\/\/www.reichelt.com\/magazin\/wp-content\/uploads\/2018\/12\/Titel_Lichtmangement-768x228.png 768w, https:\/\/www.reichelt.com\/magazin\/wp-content\/uploads\/2018\/12\/Titel_Lichtmangement-1024x303.png 1024w, https:\/\/www.reichelt.com\/magazin\/wp-content\/uploads\/2018\/12\/Titel_Lichtmangement.png 1350w\" sizes=\"(max-width: 300px) 100vw, 300px\" \/><\/div><\/a>\n\t\t\t\t<div class=\"elementor-post__badge\">Sujets<\/div>\n\t\t\t\t<div class=\"elementor-post__text\">\n\t\t\t\t<h3 class=\"elementor-post__title\">\n\t\t\t<a href=\"https:\/\/www.reichelt.com\/magazin\/fr\/sujets\/tout-ce-que-vous-devez-savoir-sur-l-eclairage-lintelligent\/\" >\n\t\t\t\tPlace aux ambiances chaleureuses\u00a0\u2013 ce que vous devez savoir sur l&#8217;\u00e9clairage l\u2019intelligent\t\t\t<\/a>\n\t\t<\/h3>\n\t\t\t\t<\/div>\n\t\t\t\t<div class=\"elementor-post__meta-data\">\n\t\t\t\t\t<span class=\"elementor-post-date\">\n\t\t\t26 novembre 2018\t\t<\/span>\n\t\t\t\t<\/div>\n\t\t\t\t\t<\/div>\n\t\t<\/article>\n\t\t\t\t<article class=\"elementor-post elementor-grid-item post-42616 post type-post status-publish format-standard has-post-thumbnail hentry category-actualites tag-armoires-de-serveurs tag-kits-de-montage-en-rack tag-rackmount-it\" role=\"listitem\">\n\t\t\t<div class=\"elementor-post__card\">\n\t\t\t\t<a class=\"elementor-post__thumbnail__link\" href=\"https:\/\/www.reichelt.com\/magazin\/fr\/actualites\/kits-de-montage-de-rackmount-it\/\" tabindex=\"-1\" ><div class=\"elementor-post__thumbnail\"><img loading=\"lazy\" decoding=\"async\" width=\"300\" height=\"89\" src=\"https:\/\/www.reichelt.com\/magazin\/wp-content\/uploads\/2021\/11\/Rackmount_Titel-300x89.png\" class=\"attachment-medium size-medium wp-image-41399\" alt=\"\" srcset=\"https:\/\/www.reichelt.com\/magazin\/wp-content\/uploads\/2021\/11\/Rackmount_Titel-300x89.png 300w, https:\/\/www.reichelt.com\/magazin\/wp-content\/uploads\/2021\/11\/Rackmount_Titel-768x228.png 768w, https:\/\/www.reichelt.com\/magazin\/wp-content\/uploads\/2021\/11\/Rackmount_Titel-1024x303.png 1024w, https:\/\/www.reichelt.com\/magazin\/wp-content\/uploads\/2021\/11\/Rackmount_Titel.png 1350w\" sizes=\"(max-width: 300px) 100vw, 300px\" \/><\/div><\/a>\n\t\t\t\t<div class=\"elementor-post__badge\">Actualit\u00e9s<\/div>\n\t\t\t\t<div class=\"elementor-post__text\">\n\t\t\t\t<h3 class=\"elementor-post__title\">\n\t\t\t<a href=\"https:\/\/www.reichelt.com\/magazin\/fr\/actualites\/kits-de-montage-de-rackmount-it\/\" >\n\t\t\t\tLes appareils se retrouvent dans le rack &#8211; gr\u00e2ce aux kits de montage en rack de Rackmount.IT.\t\t\t<\/a>\n\t\t<\/h3>\n\t\t\t\t<\/div>\n\t\t\t\t<div class=\"elementor-post__meta-data\">\n\t\t\t\t\t<span class=\"elementor-post-date\">\n\t\t\t26 octobre 2021\t\t<\/span>\n\t\t\t\t<\/div>\n\t\t\t\t\t<\/div>\n\t\t<\/article>\n\t\t\t\t<\/div>\n\t\t\n\t\t\t\t\t\t<\/div>\n\t\t\t\t<\/div>\n\t\t\t\t\t<\/div>\n\t\t<\/div>\n\t\t\t\t\t<\/div>\n\t\t<\/section>\n\t\t\t\t<section class=\"elementor-section elementor-top-section elementor-element elementor-element-7f6630ce elementor-section-boxed elementor-section-height-default elementor-section-height-default\" data-id=\"7f6630ce\" data-element_type=\"section\" data-e-type=\"section\">\n\t\t\t\t\t\t<div class=\"elementor-container elementor-column-gap-default\">\n\t\t\t\t\t<div class=\"elementor-column elementor-col-50 elementor-top-column elementor-element elementor-element-6908963f\" data-id=\"6908963f\" data-element_type=\"column\" data-e-type=\"column\">\n\t\t\t<div class=\"elementor-widget-wrap elementor-element-populated\">\n\t\t\t\t\t\t<div class=\"elementor-element elementor-element-23997a5e elementor-widget elementor-widget-heading\" data-id=\"23997a5e\" data-element_type=\"widget\" data-e-type=\"widget\" data-widget_type=\"heading.default\">\n\t\t\t\t<div class=\"elementor-widget-container\">\n\t\t\t\t\t<h2 class=\"elementor-heading-title elementor-size-default\"><a href=\"https:\/\/www.reichelt.com\/magazin\/?page_id=36577\">Conseils<\/a><\/h2>\t\t\t\t<\/div>\n\t\t\t\t<\/div>\n\t\t\t\t<div class=\"elementor-element elementor-element-2a32ef0e elementor-grid-3 elementor-grid-tablet-2 elementor-grid-mobile-1 elementor-posts--thumbnail-top elementor-widget elementor-widget-posts\" data-id=\"2a32ef0e\" data-element_type=\"widget\" data-e-type=\"widget\" data-settings=\"{&quot;classic_columns&quot;:&quot;3&quot;,&quot;classic_columns_tablet&quot;:&quot;2&quot;,&quot;classic_columns_mobile&quot;:&quot;1&quot;,&quot;classic_row_gap&quot;:{&quot;unit&quot;:&quot;px&quot;,&quot;size&quot;:35,&quot;sizes&quot;:[]},&quot;classic_row_gap_tablet&quot;:{&quot;unit&quot;:&quot;px&quot;,&quot;size&quot;:&quot;&quot;,&quot;sizes&quot;:[]},&quot;classic_row_gap_mobile&quot;:{&quot;unit&quot;:&quot;px&quot;,&quot;size&quot;:&quot;&quot;,&quot;sizes&quot;:[]}}\" data-widget_type=\"posts.classic\">\n\t\t\t\t<div class=\"elementor-widget-container\">\n\t\t\t\t\t\t\t<div class=\"elementor-posts-container elementor-posts elementor-posts--skin-classic elementor-grid\" role=\"list\">\n\t\t\t\t<article class=\"elementor-post elementor-grid-item post-118522 post type-post status-publish format-standard has-post-thumbnail hentry category-conseils tag-iot tag-microcontroleur-2 tag-prototypage tag-systemes-embarques\" role=\"listitem\">\n\t\t\t\t<a class=\"elementor-post__thumbnail__link\" href=\"https:\/\/www.reichelt.com\/magazin\/fr\/conseils\/mini-cartes-maxi-possibilites-les-microcontroleurs-xiao-de-seeed\/\" tabindex=\"-1\" >\n\t\t\t<div class=\"elementor-post__thumbnail\"><img loading=\"lazy\" decoding=\"async\" width=\"800\" height=\"237\" src=\"https:\/\/www.reichelt.com\/magazin\/wp-content\/uploads\/2026\/08\/titel-xiao-90-1024x303.webp\" class=\"attachment-large size-large wp-image-118520\" alt=\"Kleine Boards, gro\u00dfe Einsatzm\u00f6glichkeiten: Die XIAO-Mikrocontroller-Boards von SEEED\" srcset=\"https:\/\/www.reichelt.com\/magazin\/wp-content\/uploads\/2026\/08\/titel-xiao-90-1024x303.webp 1024w, https:\/\/www.reichelt.com\/magazin\/wp-content\/uploads\/2026\/08\/titel-xiao-90-300x89.webp 300w, https:\/\/www.reichelt.com\/magazin\/wp-content\/uploads\/2026\/08\/titel-xiao-90-768x228.webp 768w, https:\/\/www.reichelt.com\/magazin\/wp-content\/uploads\/2026\/08\/titel-xiao-90.webp 1350w\" sizes=\"(max-width: 800px) 100vw, 800px\" \/><\/div>\n\t\t<\/a>\n\t\t\t\t<div class=\"elementor-post__text\">\n\t\t\t\t<h3 class=\"elementor-post__title\">\n\t\t\t<a href=\"https:\/\/www.reichelt.com\/magazin\/fr\/conseils\/mini-cartes-maxi-possibilites-les-microcontroleurs-xiao-de-seeed\/\" >\n\t\t\t\tMini-cartes, maxi-possibilit\u00e9s : Les microcontr\u00f4leurs XIAO de SEEED\t\t\t<\/a>\n\t\t<\/h3>\n\t\t\t\t<div class=\"elementor-post__meta-data\">\n\t\t\t\t\t<span class=\"elementor-post-date\">\n\t\t\t24 ao\u00fbt 2026\t\t<\/span>\n\t\t\t\t<\/div>\n\t\t\n\t\t<a class=\"elementor-post__read-more\" href=\"https:\/\/www.reichelt.com\/magazin\/fr\/conseils\/mini-cartes-maxi-possibilites-les-microcontroleurs-xiao-de-seeed\/\" aria-label=\"En savoir plus sur Mini-cartes, maxi-possibilit\u00e9s : Les microcontr\u00f4leurs XIAO de SEEED\" tabindex=\"-1\" >\n\t\t\tLire maintenant \u25ba\t\t<\/a>\n\n\t\t\t\t<\/div>\n\t\t\t\t<\/article>\n\t\t\t\t<article class=\"elementor-post elementor-grid-item post-100321 post type-post status-publish format-standard has-post-thumbnail hentry category-conseils tag-automatisation tag-bluetooth tag-domotique tag-efficacite-energetique tag-shelly tag-smart-home-2 tag-z-wave\" role=\"listitem\">\n\t\t\t\t<a class=\"elementor-post__thumbnail__link\" href=\"https:\/\/www.reichelt.com\/magazin\/fr\/conseils\/decouvrez-lavenir-avec-shelly-vers-plus-de-confort-dans-la-maison-intelligente\/\" tabindex=\"-1\" >\n\t\t\t<div class=\"elementor-post__thumbnail\"><img loading=\"lazy\" decoding=\"async\" width=\"800\" height=\"237\" src=\"https:\/\/www.reichelt.com\/magazin\/wp-content\/uploads\/2024\/11\/titel-shelly-komfort-im-smarhome-1024x303.webp\" class=\"attachment-large size-large wp-image-118712\" alt=\"Die Zukunft mit Shelly entdecken: Der Weg zu mehr Komfort im Smart Home\" srcset=\"https:\/\/www.reichelt.com\/magazin\/wp-content\/uploads\/2024\/11\/titel-shelly-komfort-im-smarhome-1024x303.webp 1024w, https:\/\/www.reichelt.com\/magazin\/wp-content\/uploads\/2024\/11\/titel-shelly-komfort-im-smarhome-300x89.webp 300w, https:\/\/www.reichelt.com\/magazin\/wp-content\/uploads\/2024\/11\/titel-shelly-komfort-im-smarhome-768x228.webp 768w, https:\/\/www.reichelt.com\/magazin\/wp-content\/uploads\/2024\/11\/titel-shelly-komfort-im-smarhome.webp 1350w\" sizes=\"(max-width: 800px) 100vw, 800px\" \/><\/div>\n\t\t<\/a>\n\t\t\t\t<div class=\"elementor-post__text\">\n\t\t\t\t<h3 class=\"elementor-post__title\">\n\t\t\t<a href=\"https:\/\/www.reichelt.com\/magazin\/fr\/conseils\/decouvrez-lavenir-avec-shelly-vers-plus-de-confort-dans-la-maison-intelligente\/\" >\n\t\t\t\tD\u00e9couvrez l&#8217;avenir avec Shelly : vers plus de  confort dans la maison intelligente\t\t\t<\/a>\n\t\t<\/h3>\n\t\t\t\t<div class=\"elementor-post__meta-data\">\n\t\t\t\t\t<span class=\"elementor-post-date\">\n\t\t\t21 ao\u00fbt 2026\t\t<\/span>\n\t\t\t\t<\/div>\n\t\t\n\t\t<a class=\"elementor-post__read-more\" href=\"https:\/\/www.reichelt.com\/magazin\/fr\/conseils\/decouvrez-lavenir-avec-shelly-vers-plus-de-confort-dans-la-maison-intelligente\/\" aria-label=\"En savoir plus sur D\u00e9couvrez l&#8217;avenir avec Shelly : vers plus de  confort dans la maison intelligente\" tabindex=\"-1\" >\n\t\t\tLire maintenant \u25ba\t\t<\/a>\n\n\t\t\t\t<\/div>\n\t\t\t\t<\/article>\n\t\t\t\t<article class=\"elementor-post elementor-grid-item post-39965 post type-post status-publish format-standard has-post-thumbnail hentry category-conseils tag-adaptateur tag-chargeur tag-connecteur-usb-c tag-smartphone tag-usb tag-usb-power-delivery tag-usb-c\" role=\"listitem\">\n\t\t\t\t<a class=\"elementor-post__thumbnail__link\" href=\"https:\/\/www.reichelt.com\/magazin\/fr\/conseils\/la-technologie-usb-c-plus-rapide-plus-resistant-et-reversible\/\" tabindex=\"-1\" >\n\t\t\t<div class=\"elementor-post__thumbnail\"><img loading=\"lazy\" decoding=\"async\" width=\"800\" height=\"237\" src=\"https:\/\/www.reichelt.com\/magazin\/wp-content\/uploads\/2018\/10\/titel-usb-c-1024x303.webp\" class=\"attachment-large size-large wp-image-118654\" alt=\"USB-C \u2013 schneller, leistungsf\u00e4higer und vielseitig einsetzbar\" srcset=\"https:\/\/www.reichelt.com\/magazin\/wp-content\/uploads\/2018\/10\/titel-usb-c-1024x303.webp 1024w, https:\/\/www.reichelt.com\/magazin\/wp-content\/uploads\/2018\/10\/titel-usb-c-300x89.webp 300w, https:\/\/www.reichelt.com\/magazin\/wp-content\/uploads\/2018\/10\/titel-usb-c-768x228.webp 768w, https:\/\/www.reichelt.com\/magazin\/wp-content\/uploads\/2018\/10\/titel-usb-c.webp 1350w\" sizes=\"(max-width: 800px) 100vw, 800px\" \/><\/div>\n\t\t<\/a>\n\t\t\t\t<div class=\"elementor-post__text\">\n\t\t\t\t<h3 class=\"elementor-post__title\">\n\t\t\t<a href=\"https:\/\/www.reichelt.com\/magazin\/fr\/conseils\/la-technologie-usb-c-plus-rapide-plus-resistant-et-reversible\/\" >\n\t\t\t\tLa technologie USB-C\u00a0: plus rapide, performant et polyvalent\t\t\t<\/a>\n\t\t<\/h3>\n\t\t\t\t<div class=\"elementor-post__meta-data\">\n\t\t\t\t\t<span class=\"elementor-post-date\">\n\t\t\t19 ao\u00fbt 2026\t\t<\/span>\n\t\t\t\t<\/div>\n\t\t\n\t\t<a class=\"elementor-post__read-more\" href=\"https:\/\/www.reichelt.com\/magazin\/fr\/conseils\/la-technologie-usb-c-plus-rapide-plus-resistant-et-reversible\/\" aria-label=\"En savoir plus sur La technologie USB-C\u00a0: plus rapide, performant et polyvalent\" tabindex=\"-1\" >\n\t\t\tLire maintenant \u25ba\t\t<\/a>\n\n\t\t\t\t<\/div>\n\t\t\t\t<\/article>\n\t\t\t\t<\/div>\n\t\t\n\t\t\t\t\t\t<\/div>\n\t\t\t\t<\/div>\n\t\t\t\t\t<\/div>\n\t\t<\/div>\n\t\t\t\t<div class=\"elementor-column elementor-col-50 elementor-top-column elementor-element elementor-element-37934b34 elementor-hidden-tablet elementor-hidden-phone sidebar\" data-id=\"37934b34\" data-element_type=\"column\" data-e-type=\"column\" data-settings=\"{&quot;background_background&quot;:&quot;classic&quot;}\">\n\t\t\t<div class=\"elementor-widget-wrap elementor-element-populated\">\n\t\t\t\t\t\t<div class=\"elementor-element elementor-element-bd00d4c elementor-widget elementor-widget-global elementor-global-37404 elementor-widget-image\" data-id=\"bd00d4c\" data-element_type=\"widget\" data-e-type=\"widget\" data-widget_type=\"image.default\">\n\t\t\t\t<div class=\"elementor-widget-container\">\n\t\t\t\t\t\t\t\t\t\t\t\t\t\t\t\t<a href=\"https:\/\/secure.reichelt.de\/Newsletter-anfordern\/71\/index.html?ACTION=71\">\n\t\t\t\t\t\t\t<img loading=\"lazy\" decoding=\"async\" width=\"640\" height=\"385\" src=\"https:\/\/www.reichelt.com\/magazin\/wp-content\/uploads\/2021\/11\/newsletter.png\" class=\"attachment-large size-large wp-image-36021\" alt=\"\" srcset=\"https:\/\/www.reichelt.com\/magazin\/wp-content\/uploads\/2021\/11\/newsletter.png 640w, https:\/\/www.reichelt.com\/magazin\/wp-content\/uploads\/2021\/11\/newsletter-300x180.png 300w\" sizes=\"(max-width: 640px) 100vw, 640px\" \/>\t\t\t\t\t\t\t\t<\/a>\n\t\t\t\t\t\t\t\t\t\t\t\t\t\t\t<\/div>\n\t\t\t\t<\/div>\n\t\t\t\t<div class=\"elementor-element elementor-element-a24aab9 elementor-widget elementor-widget-global elementor-global-37554 elementor-global-37407 elementor-widget-wp-widget-text\" data-id=\"a24aab9\" data-element_type=\"widget\" data-e-type=\"widget\" data-widget_type=\"wp-widget-text.default\">\n\t\t\t\t<div class=\"elementor-widget-container\">\n\t\t\t\t\t<h5>S&#8217;abonner \u00e0 la newsletter<\/h5>\t\t\t<div class=\"textwidget\"><p><a href=\"https:\/\/secure.reichelt.de\/Newsletter-anfordern\/71\/index.html?ACTION=71\">Abonnez-vous maintenant et profitez-en 2x par semaine !<\/a><\/p>\n<\/div>\n\t\t\t\t\t\t<\/div>\n\t\t\t\t<\/div>\n\t\t\t\t<div class=\"elementor-element elementor-element-04b6fad elementor-widget elementor-widget-global elementor-global-37556 elementor-global-37410 elementor-widget-wp-widget-text\" data-id=\"04b6fad\" data-element_type=\"widget\" data-e-type=\"widget\" data-widget_type=\"wp-widget-text.default\">\n\t\t\t\t<div class=\"elementor-widget-container\">\n\t\t\t\t\t\t\t\t<div class=\"textwidget\"><p><a href=\"https:\/\/secure.reichelt.de\/Newsletter-anfordern\/71\/index.html?ACTION=71\">Inscrivez-vous maintenant \u25ba<\/a><\/p>\n<\/div>\n\t\t\t\t\t\t<\/div>\n\t\t\t\t<\/div>\n\t\t\t\t\t<\/div>\n\t\t<\/div>\n\t\t\t\t\t<\/div>\n\t\t<\/section>\n\t\t\t\t<section class=\"elementor-section elementor-top-section elementor-element elementor-element-2228cd2e elementor-section-boxed elementor-section-height-default elementor-section-height-default\" data-id=\"2228cd2e\" data-element_type=\"section\" data-e-type=\"section\">\n\t\t\t\t\t\t<div class=\"elementor-container elementor-column-gap-default\">\n\t\t\t\t\t<div class=\"elementor-column elementor-col-66 elementor-top-column elementor-element elementor-element-1376652\" data-id=\"1376652\" data-element_type=\"column\" data-e-type=\"column\">\n\t\t\t<div class=\"elementor-widget-wrap elementor-element-populated\">\n\t\t\t\t\t\t<div class=\"elementor-element elementor-element-64f89500 elementor-widget elementor-widget-heading\" data-id=\"64f89500\" data-element_type=\"widget\" data-e-type=\"widget\" data-widget_type=\"heading.default\">\n\t\t\t\t<div class=\"elementor-widget-container\">\n\t\t\t\t\t<h2 class=\"elementor-heading-title elementor-size-default\"><a href=\"https:\/\/www.reichelt.com\/magazin\/?page_id=36574\">Sujets<\/a><\/h2>\t\t\t\t<\/div>\n\t\t\t\t<\/div>\n\t\t\t\t<div class=\"elementor-element elementor-element-775cc4c8 elementor-grid-3 elementor-grid-tablet-2 elementor-grid-mobile-1 elementor-posts--thumbnail-top elementor-widget elementor-widget-posts\" data-id=\"775cc4c8\" data-element_type=\"widget\" data-e-type=\"widget\" data-settings=\"{&quot;classic_columns&quot;:&quot;3&quot;,&quot;classic_columns_tablet&quot;:&quot;2&quot;,&quot;classic_columns_mobile&quot;:&quot;1&quot;,&quot;classic_row_gap&quot;:{&quot;unit&quot;:&quot;px&quot;,&quot;size&quot;:35,&quot;sizes&quot;:[]},&quot;classic_row_gap_tablet&quot;:{&quot;unit&quot;:&quot;px&quot;,&quot;size&quot;:&quot;&quot;,&quot;sizes&quot;:[]},&quot;classic_row_gap_mobile&quot;:{&quot;unit&quot;:&quot;px&quot;,&quot;size&quot;:&quot;&quot;,&quot;sizes&quot;:[]}}\" data-widget_type=\"posts.classic\">\n\t\t\t\t<div class=\"elementor-widget-container\">\n\t\t\t\t\t\t\t<div class=\"elementor-posts-container elementor-posts elementor-posts--skin-classic elementor-grid\" role=\"list\">\n\t\t\t\t<article class=\"elementor-post elementor-grid-item post-80168 post type-post status-publish format-standard has-post-thumbnail hentry category-sujets tag-decrouvrir-et-explorer tag-robotique\" role=\"listitem\">\n\t\t\t\t<a class=\"elementor-post__thumbnail__link\" href=\"https:\/\/www.reichelt.com\/magazin\/fr\/sujets\/decouvrir-et-explorer-robotique\/\" tabindex=\"-1\" >\n\t\t\t<div class=\"elementor-post__thumbnail\"><img loading=\"lazy\" decoding=\"async\" width=\"800\" height=\"237\" src=\"https:\/\/www.reichelt.com\/magazin\/wp-content\/uploads\/2023\/05\/titel-robotik-fr-1024x303.webp\" class=\"attachment-large size-large wp-image-115481\" alt=\"D\u00e9couvrir et explorer - Robotique et fabrication automatis\u00e9e\" srcset=\"https:\/\/www.reichelt.com\/magazin\/wp-content\/uploads\/2023\/05\/titel-robotik-fr-1024x303.webp 1024w, https:\/\/www.reichelt.com\/magazin\/wp-content\/uploads\/2023\/05\/titel-robotik-fr-300x89.webp 300w, https:\/\/www.reichelt.com\/magazin\/wp-content\/uploads\/2023\/05\/titel-robotik-fr-768x228.webp 768w, https:\/\/www.reichelt.com\/magazin\/wp-content\/uploads\/2023\/05\/titel-robotik-fr.webp 1350w\" sizes=\"(max-width: 800px) 100vw, 800px\" \/><\/div>\n\t\t<\/a>\n\t\t\t\t<div class=\"elementor-post__text\">\n\t\t\t\t<h3 class=\"elementor-post__title\">\n\t\t\t<a href=\"https:\/\/www.reichelt.com\/magazin\/fr\/sujets\/decouvrir-et-explorer-robotique\/\" >\n\t\t\t\tD\u00e9couvrir et explorer : Robotique\t\t\t<\/a>\n\t\t<\/h3>\n\t\t\t\t<div class=\"elementor-post__meta-data\">\n\t\t\t\t\t<span class=\"elementor-post-date\">\n\t\t\t25 f\u00e9vrier 2026\t\t<\/span>\n\t\t\t\t<\/div>\n\t\t\n\t\t<a class=\"elementor-post__read-more\" href=\"https:\/\/www.reichelt.com\/magazin\/fr\/sujets\/decouvrir-et-explorer-robotique\/\" aria-label=\"En savoir plus sur D\u00e9couvrir et explorer : Robotique\" tabindex=\"-1\" >\n\t\t\tLire maintenant \u25ba\t\t<\/a>\n\n\t\t\t\t<\/div>\n\t\t\t\t<\/article>\n\t\t\t\t<article class=\"elementor-post elementor-grid-item post-103959 post type-post status-publish format-standard has-post-thumbnail hentry category-sujets tag-capteurs-quantiques tag-mecanique-quantique tag-ordinateur-quantique tag-quantum-technologies tag-technologie-quantique\" role=\"listitem\">\n\t\t\t\t<a class=\"elementor-post__thumbnail__link\" href=\"https:\/\/www.reichelt.com\/magazin\/fr\/sujets\/des-origines-de-la-technologie-quantique-aux-applications-actuelles\/\" tabindex=\"-1\" >\n\t\t\t<div class=\"elementor-post__thumbnail\"><img loading=\"lazy\" decoding=\"async\" width=\"800\" height=\"237\" src=\"https:\/\/www.reichelt.com\/magazin\/wp-content\/uploads\/2025\/03\/titel-quantentechnologie-1024x303.png\" class=\"attachment-large size-large wp-image-103973\" alt=\"Quantentechnologie \u2013 wie alles begann und wo sie heute schon angewendet wird\" srcset=\"https:\/\/www.reichelt.com\/magazin\/wp-content\/uploads\/2025\/03\/titel-quantentechnologie-1024x303.png 1024w, https:\/\/www.reichelt.com\/magazin\/wp-content\/uploads\/2025\/03\/titel-quantentechnologie-300x89.png 300w, https:\/\/www.reichelt.com\/magazin\/wp-content\/uploads\/2025\/03\/titel-quantentechnologie-768x228.png 768w, https:\/\/www.reichelt.com\/magazin\/wp-content\/uploads\/2025\/03\/titel-quantentechnologie.png 1350w\" sizes=\"(max-width: 800px) 100vw, 800px\" \/><\/div>\n\t\t<\/a>\n\t\t\t\t<div class=\"elementor-post__text\">\n\t\t\t\t<h3 class=\"elementor-post__title\">\n\t\t\t<a href=\"https:\/\/www.reichelt.com\/magazin\/fr\/sujets\/des-origines-de-la-technologie-quantique-aux-applications-actuelles\/\" >\n\t\t\t\tDes origines de la technologie quantique aux applications actuelles\t\t\t<\/a>\n\t\t<\/h3>\n\t\t\t\t<div class=\"elementor-post__meta-data\">\n\t\t\t\t\t<span class=\"elementor-post-date\">\n\t\t\t25 mars 2025\t\t<\/span>\n\t\t\t\t<\/div>\n\t\t\n\t\t<a class=\"elementor-post__read-more\" href=\"https:\/\/www.reichelt.com\/magazin\/fr\/sujets\/des-origines-de-la-technologie-quantique-aux-applications-actuelles\/\" aria-label=\"En savoir plus sur Des origines de la technologie quantique aux applications actuelles\" tabindex=\"-1\" >\n\t\t\tLire maintenant \u25ba\t\t<\/a>\n\n\t\t\t\t<\/div>\n\t\t\t\t<\/article>\n\t\t\t\t<article class=\"elementor-post elementor-grid-item post-97915 post type-post status-publish format-standard has-post-thumbnail hentry category-sujets tag-capteur-de-champ-magnetique tag-capteurs-quantiques tag-interview tag-quantum-technologies tag-robert-staacke\" role=\"listitem\">\n\t\t\t\t<a class=\"elementor-post__thumbnail__link\" href=\"https:\/\/www.reichelt.com\/magazin\/fr\/sujets\/robert-staacke-de-quantum-technologies-intervient-sur-lavenir-de-la-technologie-des-capteurs-quantiques\/\" tabindex=\"-1\" >\n\t\t\t<div class=\"elementor-post__thumbnail\"><img loading=\"lazy\" decoding=\"async\" width=\"800\" height=\"237\" src=\"https:\/\/www.reichelt.com\/magazin\/wp-content\/uploads\/2023\/11\/Titel_Quantum_Interview-1024x303.png\" class=\"attachment-large size-large wp-image-90010\" alt=\"Im Interview: Robert Staacke von Quantum Technologies \u00fcber die Zukunft der Quantensensorik\" srcset=\"https:\/\/www.reichelt.com\/magazin\/wp-content\/uploads\/2023\/11\/Titel_Quantum_Interview-1024x303.png 1024w, https:\/\/www.reichelt.com\/magazin\/wp-content\/uploads\/2023\/11\/Titel_Quantum_Interview-300x89.png 300w, https:\/\/www.reichelt.com\/magazin\/wp-content\/uploads\/2023\/11\/Titel_Quantum_Interview-768x228.png 768w, https:\/\/www.reichelt.com\/magazin\/wp-content\/uploads\/2023\/11\/Titel_Quantum_Interview.png 1350w\" sizes=\"(max-width: 800px) 100vw, 800px\" \/><\/div>\n\t\t<\/a>\n\t\t\t\t<div class=\"elementor-post__text\">\n\t\t\t\t<h3 class=\"elementor-post__title\">\n\t\t\t<a href=\"https:\/\/www.reichelt.com\/magazin\/fr\/sujets\/robert-staacke-de-quantum-technologies-intervient-sur-lavenir-de-la-technologie-des-capteurs-quantiques\/\" >\n\t\t\t\tRobert Staacke de Quantum Technologies intervient sur l&#8217;avenir de la technologie des capteurs quantiques\t\t\t<\/a>\n\t\t<\/h3>\n\t\t\t\t<div class=\"elementor-post__meta-data\">\n\t\t\t\t\t<span class=\"elementor-post-date\">\n\t\t\t9 ao\u00fbt 2024\t\t<\/span>\n\t\t\t\t<\/div>\n\t\t\n\t\t<a class=\"elementor-post__read-more\" href=\"https:\/\/www.reichelt.com\/magazin\/fr\/sujets\/robert-staacke-de-quantum-technologies-intervient-sur-lavenir-de-la-technologie-des-capteurs-quantiques\/\" aria-label=\"En savoir plus sur Robert Staacke de Quantum Technologies intervient sur l&#8217;avenir de la technologie des capteurs quantiques\" tabindex=\"-1\" >\n\t\t\tLire maintenant \u25ba\t\t<\/a>\n\n\t\t\t\t<\/div>\n\t\t\t\t<\/article>\n\t\t\t\t<\/div>\n\t\t\n\t\t\t\t\t\t<\/div>\n\t\t\t\t<\/div>\n\t\t\t\t\t<\/div>\n\t\t<\/div>\n\t\t\t\t<div class=\"elementor-column elementor-col-33 elementor-top-column elementor-element elementor-element-134484c4 elementor-hidden-tablet elementor-hidden-phone\" data-id=\"134484c4\" data-element_type=\"column\" data-e-type=\"column\">\n\t\t\t<div class=\"elementor-widget-wrap\">\n\t\t\t\t\t\t\t<\/div>\n\t\t<\/div>\n\t\t\t\t\t<\/div>\n\t\t<\/section>\n\t\t\t\t<section class=\"elementor-section elementor-top-section elementor-element elementor-element-48038d88 elementor-section-boxed elementor-section-height-default elementor-section-height-default\" data-id=\"48038d88\" data-element_type=\"section\" data-e-type=\"section\">\n\t\t\t\t\t\t<div class=\"elementor-container elementor-column-gap-default\">\n\t\t\t\t\t<div class=\"elementor-column elementor-col-66 elementor-top-column elementor-element elementor-element-7a89bf8a\" data-id=\"7a89bf8a\" data-element_type=\"column\" data-e-type=\"column\">\n\t\t\t<div class=\"elementor-widget-wrap elementor-element-populated\">\n\t\t\t\t\t\t<div class=\"elementor-element elementor-element-c5a16f9 elementor-widget elementor-widget-heading\" data-id=\"c5a16f9\" data-element_type=\"widget\" data-e-type=\"widget\" data-widget_type=\"heading.default\">\n\t\t\t\t<div class=\"elementor-widget-container\">\n\t\t\t\t\t<h2 class=\"elementor-heading-title elementor-size-default\"><a href=\"https:\/\/www.reichelt.com\/magazin\/?page_id=36571\">\u00c9tudes<\/a><\/h2>\t\t\t\t<\/div>\n\t\t\t\t<\/div>\n\t\t\t\t<div class=\"elementor-element elementor-element-287af0ee elementor-grid-3 elementor-grid-tablet-2 elementor-grid-mobile-1 elementor-posts--thumbnail-top elementor-widget elementor-widget-posts\" data-id=\"287af0ee\" data-element_type=\"widget\" data-e-type=\"widget\" data-settings=\"{&quot;classic_columns&quot;:&quot;3&quot;,&quot;classic_columns_tablet&quot;:&quot;2&quot;,&quot;classic_columns_mobile&quot;:&quot;1&quot;,&quot;classic_row_gap&quot;:{&quot;unit&quot;:&quot;px&quot;,&quot;size&quot;:35,&quot;sizes&quot;:[]},&quot;classic_row_gap_tablet&quot;:{&quot;unit&quot;:&quot;px&quot;,&quot;size&quot;:&quot;&quot;,&quot;sizes&quot;:[]},&quot;classic_row_gap_mobile&quot;:{&quot;unit&quot;:&quot;px&quot;,&quot;size&quot;:&quot;&quot;,&quot;sizes&quot;:[]}}\" data-widget_type=\"posts.classic\">\n\t\t\t\t<div class=\"elementor-widget-container\">\n\t\t\t\t\t\t\t<div class=\"elementor-posts-container elementor-posts elementor-posts--skin-classic elementor-grid\" role=\"list\">\n\t\t\t\t<article class=\"elementor-post elementor-grid-item post-118392 post type-post status-publish format-standard has-post-thumbnail hentry category-infographies tag-etude-smart-home tag-maison-connectee tag-securite-des-donnees tag-wi-fi\" role=\"listitem\">\n\t\t\t\t<a class=\"elementor-post__thumbnail__link\" href=\"https:\/\/www.reichelt.com\/magazin\/fr\/infographies\/les-assistants-vocaux-ne-sont-plus-les-objets-connectes-preferes-des-francais\/\" tabindex=\"-1\" >\n\t\t\t<div class=\"elementor-post__thumbnail\"><img loading=\"lazy\" decoding=\"async\" width=\"800\" height=\"237\" src=\"https:\/\/www.reichelt.com\/magazin\/wp-content\/uploads\/2026\/08\/titel-smarthome-1024x303.webp\" class=\"attachment-large size-large wp-image-118390\" alt=\"Vom Trend zur Normalit\u00e4t: Smart Home hat sich im deutschen Alltag etabliert\" srcset=\"https:\/\/www.reichelt.com\/magazin\/wp-content\/uploads\/2026\/08\/titel-smarthome-1024x303.webp 1024w, https:\/\/www.reichelt.com\/magazin\/wp-content\/uploads\/2026\/08\/titel-smarthome-300x89.webp 300w, https:\/\/www.reichelt.com\/magazin\/wp-content\/uploads\/2026\/08\/titel-smarthome-768x228.webp 768w, https:\/\/www.reichelt.com\/magazin\/wp-content\/uploads\/2026\/08\/titel-smarthome.webp 1350w\" sizes=\"(max-width: 800px) 100vw, 800px\" \/><\/div>\n\t\t<\/a>\n\t\t\t\t<div class=\"elementor-post__text\">\n\t\t\t\t<h3 class=\"elementor-post__title\">\n\t\t\t<a href=\"https:\/\/www.reichelt.com\/magazin\/fr\/infographies\/les-assistants-vocaux-ne-sont-plus-les-objets-connectes-preferes-des-francais\/\" >\n\t\t\t\tLes assistants vocaux ne sont plus les objets connect\u00e9s pr\u00e9f\u00e9r\u00e9s des Fran\u00e7ais\t\t\t<\/a>\n\t\t<\/h3>\n\t\t\t\t<div class=\"elementor-post__meta-data\">\n\t\t\t\t\t<span class=\"elementor-post-date\">\n\t\t\t6 ao\u00fbt 2026\t\t<\/span>\n\t\t\t\t<\/div>\n\t\t\n\t\t<a class=\"elementor-post__read-more\" href=\"https:\/\/www.reichelt.com\/magazin\/fr\/infographies\/les-assistants-vocaux-ne-sont-plus-les-objets-connectes-preferes-des-francais\/\" aria-label=\"En savoir plus sur Les assistants vocaux ne sont plus les objets connect\u00e9s pr\u00e9f\u00e9r\u00e9s des Fran\u00e7ais\" tabindex=\"-1\" >\n\t\t\tLire maintenant \u25ba\t\t<\/a>\n\n\t\t\t\t<\/div>\n\t\t\t\t<\/article>\n\t\t\t\t<article class=\"elementor-post elementor-grid-item post-116114 post type-post status-publish format-standard has-post-thumbnail hentry category-infographies tag-26-03-robotik-top tag-automatisation tag-cobots tag-industrie-4-0 tag-robotique\" role=\"listitem\">\n\t\t\t\t<a class=\"elementor-post__thumbnail__link\" href=\"https:\/\/www.reichelt.com\/magazin\/fr\/infographies\/robotique-le-budget-consacre-aux-investissements-en-augmentation-dans-50-des-pme-industrielles-francaises\/\" tabindex=\"-1\" >\n\t\t\t<div class=\"elementor-post__thumbnail\"><img loading=\"lazy\" decoding=\"async\" width=\"800\" height=\"237\" src=\"https:\/\/www.reichelt.com\/magazin\/wp-content\/uploads\/2026\/05\/titel-robotik-umfrage-1024x303.webp\" class=\"attachment-large size-large wp-image-116112\" alt=\"Station\u00e4re Roboter oder Cobots? Welche Roboter arbeiten in der Fabrik der Zukunft?\" srcset=\"https:\/\/www.reichelt.com\/magazin\/wp-content\/uploads\/2026\/05\/titel-robotik-umfrage-1024x303.webp 1024w, https:\/\/www.reichelt.com\/magazin\/wp-content\/uploads\/2026\/05\/titel-robotik-umfrage-300x89.webp 300w, https:\/\/www.reichelt.com\/magazin\/wp-content\/uploads\/2026\/05\/titel-robotik-umfrage-768x228.webp 768w, https:\/\/www.reichelt.com\/magazin\/wp-content\/uploads\/2026\/05\/titel-robotik-umfrage.webp 1350w\" sizes=\"(max-width: 800px) 100vw, 800px\" \/><\/div>\n\t\t<\/a>\n\t\t\t\t<div class=\"elementor-post__text\">\n\t\t\t\t<h3 class=\"elementor-post__title\">\n\t\t\t<a href=\"https:\/\/www.reichelt.com\/magazin\/fr\/infographies\/robotique-le-budget-consacre-aux-investissements-en-augmentation-dans-50-des-pme-industrielles-francaises\/\" >\n\t\t\t\tRobotique\u00a0: le budget consacr\u00e9 aux investissements en augmentation dans 50% des PME industrielles fran\u00e7aises\t\t\t<\/a>\n\t\t<\/h3>\n\t\t\t\t<div class=\"elementor-post__meta-data\">\n\t\t\t\t\t<span class=\"elementor-post-date\">\n\t\t\t19 mai 2026\t\t<\/span>\n\t\t\t\t<\/div>\n\t\t\n\t\t<a class=\"elementor-post__read-more\" href=\"https:\/\/www.reichelt.com\/magazin\/fr\/infographies\/robotique-le-budget-consacre-aux-investissements-en-augmentation-dans-50-des-pme-industrielles-francaises\/\" aria-label=\"En savoir plus sur Robotique\u00a0: le budget consacr\u00e9 aux investissements en augmentation dans 50% des PME industrielles fran\u00e7aises\" tabindex=\"-1\" >\n\t\t\tLire maintenant \u25ba\t\t<\/a>\n\n\t\t\t\t<\/div>\n\t\t\t\t<\/article>\n\t\t\t\t<article class=\"elementor-post elementor-grid-item post-109826 post type-post status-publish format-standard has-post-thumbnail hentry category-infographies tag-automatisation tag-chaine-logistique tag-commerce tag-composants tag-digitalisation tag-europe tag-hausse-des-prix tag-industrie tag-penuries tag-resilience\" role=\"listitem\">\n\t\t\t\t<a class=\"elementor-post__thumbnail__link\" href=\"https:\/\/www.reichelt.com\/magazin\/fr\/infographies\/chaines-dapprovisionnement-2025-tensions-prix-et-solutions-durables\/\" tabindex=\"-1\" >\n\t\t\t<div class=\"elementor-post__thumbnail\"><img loading=\"lazy\" decoding=\"async\" width=\"800\" height=\"237\" src=\"https:\/\/www.reichelt.com\/magazin\/wp-content\/uploads\/2025\/10\/titel-umfrage-lieferkette-1024x303.png\" class=\"attachment-large size-large wp-image-109702\" alt=\"Lieferketten: Zwischen Anpassung, Preisanstiegen und leisem Optimismus\" srcset=\"https:\/\/www.reichelt.com\/magazin\/wp-content\/uploads\/2025\/10\/titel-umfrage-lieferkette-1024x303.png 1024w, https:\/\/www.reichelt.com\/magazin\/wp-content\/uploads\/2025\/10\/titel-umfrage-lieferkette-300x89.png 300w, https:\/\/www.reichelt.com\/magazin\/wp-content\/uploads\/2025\/10\/titel-umfrage-lieferkette-768x228.png 768w, https:\/\/www.reichelt.com\/magazin\/wp-content\/uploads\/2025\/10\/titel-umfrage-lieferkette.png 1350w\" sizes=\"(max-width: 800px) 100vw, 800px\" \/><\/div>\n\t\t<\/a>\n\t\t\t\t<div class=\"elementor-post__text\">\n\t\t\t\t<h3 class=\"elementor-post__title\">\n\t\t\t<a href=\"https:\/\/www.reichelt.com\/magazin\/fr\/infographies\/chaines-dapprovisionnement-2025-tensions-prix-et-solutions-durables\/\" >\n\t\t\t\tSupply Chain : Les industriels fran\u00e7ais souhaitent renforcer leur souverainet\u00e9 europ\u00e9enne selon une \u00e9tude reichelt elektronik\t\t\t<\/a>\n\t\t<\/h3>\n\t\t\t\t<div class=\"elementor-post__meta-data\">\n\t\t\t\t\t<span class=\"elementor-post-date\">\n\t\t\t20 octobre 2025\t\t<\/span>\n\t\t\t\t<\/div>\n\t\t\n\t\t<a class=\"elementor-post__read-more\" href=\"https:\/\/www.reichelt.com\/magazin\/fr\/infographies\/chaines-dapprovisionnement-2025-tensions-prix-et-solutions-durables\/\" aria-label=\"En savoir plus sur Supply Chain : Les industriels fran\u00e7ais souhaitent renforcer leur souverainet\u00e9 europ\u00e9enne selon une \u00e9tude reichelt elektronik\" tabindex=\"-1\" >\n\t\t\tLire maintenant \u25ba\t\t<\/a>\n\n\t\t\t\t<\/div>\n\t\t\t\t<\/article>\n\t\t\t\t<\/div>\n\t\t\n\t\t\t\t\t\t<\/div>\n\t\t\t\t<\/div>\n\t\t\t\t\t<\/div>\n\t\t<\/div>\n\t\t\t\t<div class=\"elementor-column elementor-col-33 elementor-top-column elementor-element elementor-element-72f4f68e elementor-hidden-tablet elementor-hidden-phone\" data-id=\"72f4f68e\" data-element_type=\"column\" data-e-type=\"column\">\n\t\t\t<div class=\"elementor-widget-wrap\">\n\t\t\t\t\t\t\t<\/div>\n\t\t<\/div>\n\t\t\t\t\t<\/div>\n\t\t<\/section>\n\t\t\t\t<section class=\"elementor-section elementor-top-section elementor-element elementor-element-423cf25 elementor-section-boxed elementor-section-height-default elementor-section-height-default\" data-id=\"423cf25\" data-element_type=\"section\" data-e-type=\"section\">\n\t\t\t\t\t\t<div class=\"elementor-container elementor-column-gap-default\">\n\t\t\t\t\t<div class=\"elementor-column elementor-col-66 elementor-top-column elementor-element elementor-element-1e2b347\" data-id=\"1e2b347\" data-element_type=\"column\" data-e-type=\"column\">\n\t\t\t<div class=\"elementor-widget-wrap elementor-element-populated\">\n\t\t\t\t\t\t<div class=\"elementor-element elementor-element-58dd0c0 elementor-widget elementor-widget-heading\" data-id=\"58dd0c0\" data-element_type=\"widget\" data-e-type=\"widget\" data-widget_type=\"heading.default\">\n\t\t\t\t<div class=\"elementor-widget-container\">\n\t\t\t\t\t<h2 class=\"elementor-heading-title elementor-size-default\"><a href=\"https:\/\/www.reichelt.com\/magazin\/?page_id=36568\">Articles Techniques<\/a><\/h2>\t\t\t\t<\/div>\n\t\t\t\t<\/div>\n\t\t\t\t<div class=\"elementor-element elementor-element-e66ad74 elementor-grid-3 elementor-grid-tablet-2 elementor-grid-mobile-1 elementor-posts--thumbnail-top elementor-widget elementor-widget-posts\" data-id=\"e66ad74\" data-element_type=\"widget\" data-e-type=\"widget\" data-settings=\"{&quot;classic_columns&quot;:&quot;3&quot;,&quot;classic_columns_tablet&quot;:&quot;2&quot;,&quot;classic_columns_mobile&quot;:&quot;1&quot;,&quot;classic_row_gap&quot;:{&quot;unit&quot;:&quot;px&quot;,&quot;size&quot;:35,&quot;sizes&quot;:[]},&quot;classic_row_gap_tablet&quot;:{&quot;unit&quot;:&quot;px&quot;,&quot;size&quot;:&quot;&quot;,&quot;sizes&quot;:[]},&quot;classic_row_gap_mobile&quot;:{&quot;unit&quot;:&quot;px&quot;,&quot;size&quot;:&quot;&quot;,&quot;sizes&quot;:[]}}\" data-widget_type=\"posts.classic\">\n\t\t\t\t<div class=\"elementor-widget-container\">\n\t\t\t\t\t\t\t<div class=\"elementor-posts-container elementor-posts elementor-posts--skin-classic elementor-grid\" role=\"list\">\n\t\t\t\t<article class=\"elementor-post elementor-grid-item post-115918 post type-post status-publish format-standard has-post-thumbnail hentry category-articles-techniques tag-26-03-robotik-top tag-capteurs tag-capteurs-mems tag-iiot tag-industrie-4-0 tag-robotics tag-robotique\" role=\"listitem\">\n\t\t\t\t<a class=\"elementor-post__thumbnail__link\" href=\"https:\/\/www.reichelt.com\/magazin\/fr\/articles-techniques\/dou-viennent-et-ou-vont-les-capteurs-mems\/\" tabindex=\"-1\" >\n\t\t\t<div class=\"elementor-post__thumbnail\"><img loading=\"lazy\" decoding=\"async\" width=\"800\" height=\"358\" src=\"https:\/\/www.reichelt.com\/magazin\/wp-content\/uploads\/2026\/05\/fachtitel-mems-sensoren.webp\" class=\"attachment-large size-large wp-image-115917\" alt=\"Woher kommt, wohin geht die MEMS-Sensorik?\" srcset=\"https:\/\/www.reichelt.com\/magazin\/wp-content\/uploads\/2026\/05\/fachtitel-mems-sensoren.webp 895w, https:\/\/www.reichelt.com\/magazin\/wp-content\/uploads\/2026\/05\/fachtitel-mems-sensoren-300x134.webp 300w, https:\/\/www.reichelt.com\/magazin\/wp-content\/uploads\/2026\/05\/fachtitel-mems-sensoren-768x343.webp 768w\" sizes=\"(max-width: 800px) 100vw, 800px\" \/><\/div>\n\t\t<\/a>\n\t\t\t\t<div class=\"elementor-post__text\">\n\t\t\t\t<h3 class=\"elementor-post__title\">\n\t\t\t<a href=\"https:\/\/www.reichelt.com\/magazin\/fr\/articles-techniques\/dou-viennent-et-ou-vont-les-capteurs-mems\/\" >\n\t\t\t\tD&#8217;o\u00f9 viennent et o\u00f9 vont les capteurs MEMS\u00a0?\t\t\t<\/a>\n\t\t<\/h3>\n\t\t\t\t<div class=\"elementor-post__meta-data\">\n\t\t\t\t\t<span class=\"elementor-post-date\">\n\t\t\t1 avril 2026\t\t<\/span>\n\t\t\t\t<\/div>\n\t\t\n\t\t<a class=\"elementor-post__read-more\" href=\"https:\/\/www.reichelt.com\/magazin\/fr\/articles-techniques\/dou-viennent-et-ou-vont-les-capteurs-mems\/\" aria-label=\"En savoir plus sur D&#8217;o\u00f9 viennent et o\u00f9 vont les capteurs MEMS\u00a0?\" tabindex=\"-1\" >\n\t\t\tLire maintenant \u25ba\t\t<\/a>\n\n\t\t\t\t<\/div>\n\t\t\t\t<\/article>\n\t\t\t\t<article class=\"elementor-post elementor-grid-item post-115872 post type-post status-publish format-standard has-post-thumbnail hentry category-articles-techniques tag-26-03-robotik-premium tag-cobots tag-industrie-4-0 tag-robotique tag-robots-humanoides\" role=\"listitem\">\n\t\t\t\t<a class=\"elementor-post__thumbnail__link\" href=\"https:\/\/www.reichelt.com\/magazin\/fr\/articles-techniques\/vision-davenir-ou-realite-le-potentiel-des-robots-humanoides-dans-lindustrie-allemande\/\" tabindex=\"-1\" >\n\t\t\t<div class=\"elementor-post__thumbnail\"><img loading=\"lazy\" decoding=\"async\" width=\"800\" height=\"358\" src=\"https:\/\/www.reichelt.com\/magazin\/wp-content\/uploads\/2026\/05\/fachtitel-humanoide-roboter.webp\" class=\"attachment-large size-large wp-image-115871\" alt=\"Zukunftsvision oder Realit\u00e4t: Potential humanoider Roboter in der deutschen Industrie\" srcset=\"https:\/\/www.reichelt.com\/magazin\/wp-content\/uploads\/2026\/05\/fachtitel-humanoide-roboter.webp 895w, https:\/\/www.reichelt.com\/magazin\/wp-content\/uploads\/2026\/05\/fachtitel-humanoide-roboter-300x134.webp 300w, https:\/\/www.reichelt.com\/magazin\/wp-content\/uploads\/2026\/05\/fachtitel-humanoide-roboter-768x343.webp 768w\" sizes=\"(max-width: 800px) 100vw, 800px\" \/><\/div>\n\t\t<\/a>\n\t\t\t\t<div class=\"elementor-post__text\">\n\t\t\t\t<h3 class=\"elementor-post__title\">\n\t\t\t<a href=\"https:\/\/www.reichelt.com\/magazin\/fr\/articles-techniques\/vision-davenir-ou-realite-le-potentiel-des-robots-humanoides-dans-lindustrie-allemande\/\" >\n\t\t\t\tVision d&#8217;avenir ou r\u00e9alit\u00e9\u00a0: le potentiel des robots humano\u00efdes dans l&#8217;industrie allemande\t\t\t<\/a>\n\t\t<\/h3>\n\t\t\t\t<div class=\"elementor-post__meta-data\">\n\t\t\t\t\t<span class=\"elementor-post-date\">\n\t\t\t19 mars 2026\t\t<\/span>\n\t\t\t\t<\/div>\n\t\t\n\t\t<a class=\"elementor-post__read-more\" href=\"https:\/\/www.reichelt.com\/magazin\/fr\/articles-techniques\/vision-davenir-ou-realite-le-potentiel-des-robots-humanoides-dans-lindustrie-allemande\/\" aria-label=\"En savoir plus sur Vision d&#8217;avenir ou r\u00e9alit\u00e9\u00a0: le potentiel des robots humano\u00efdes dans l&#8217;industrie allemande\" tabindex=\"-1\" >\n\t\t\tLire maintenant \u25ba\t\t<\/a>\n\n\t\t\t\t<\/div>\n\t\t\t\t<\/article>\n\t\t\t\t<article class=\"elementor-post elementor-grid-item post-115583 post type-post status-publish format-standard has-post-thumbnail hentry category-articles-techniques tag-batteries-lithium-ion tag-energies-renouvelables tag-stockage-denergie tag-transition-energetique\" role=\"listitem\">\n\t\t\t\t<a class=\"elementor-post__thumbnail__link\" href=\"https:\/\/www.reichelt.com\/magazin\/fr\/articles-techniques\/pilier-invisible-mais-incontournable-des-infrastructures-energetiques-de-demain\/\" tabindex=\"-1\" >\n\t\t\t<div class=\"elementor-post__thumbnail\"><img loading=\"lazy\" decoding=\"async\" width=\"800\" height=\"358\" src=\"https:\/\/www.reichelt.com\/magazin\/wp-content\/uploads\/2026\/03\/fachtitel-energiespeicher-1.webp\" class=\"attachment-large size-large wp-image-115623\" alt=\"Energiespeicher der Zukunft \u2013 Entwicklungen, Trends und Potenziale\" srcset=\"https:\/\/www.reichelt.com\/magazin\/wp-content\/uploads\/2026\/03\/fachtitel-energiespeicher-1.webp 895w, https:\/\/www.reichelt.com\/magazin\/wp-content\/uploads\/2026\/03\/fachtitel-energiespeicher-1-300x134.webp 300w, https:\/\/www.reichelt.com\/magazin\/wp-content\/uploads\/2026\/03\/fachtitel-energiespeicher-1-768x343.webp 768w\" sizes=\"(max-width: 800px) 100vw, 800px\" \/><\/div>\n\t\t<\/a>\n\t\t\t\t<div class=\"elementor-post__text\">\n\t\t\t\t<h3 class=\"elementor-post__title\">\n\t\t\t<a href=\"https:\/\/www.reichelt.com\/magazin\/fr\/articles-techniques\/pilier-invisible-mais-incontournable-des-infrastructures-energetiques-de-demain\/\" >\n\t\t\t\tPilier invisible mais incontournable des infrastructures \u00e9nerg\u00e9tiques de demain\t\t\t<\/a>\n\t\t<\/h3>\n\t\t\t\t<div class=\"elementor-post__meta-data\">\n\t\t\t\t\t<span class=\"elementor-post-date\">\n\t\t\t10 mars 2026\t\t<\/span>\n\t\t\t\t<\/div>\n\t\t\n\t\t<a class=\"elementor-post__read-more\" href=\"https:\/\/www.reichelt.com\/magazin\/fr\/articles-techniques\/pilier-invisible-mais-incontournable-des-infrastructures-energetiques-de-demain\/\" aria-label=\"En savoir plus sur Pilier invisible mais incontournable des infrastructures \u00e9nerg\u00e9tiques de demain\" tabindex=\"-1\" >\n\t\t\tLire maintenant \u25ba\t\t<\/a>\n\n\t\t\t\t<\/div>\n\t\t\t\t<\/article>\n\t\t\t\t<\/div>\n\t\t\n\t\t\t\t\t\t<\/div>\n\t\t\t\t<\/div>\n\t\t\t\t\t<\/div>\n\t\t<\/div>\n\t\t\t\t<div class=\"elementor-column elementor-col-33 elementor-top-column elementor-element elementor-element-be86bc0 elementor-hidden-tablet elementor-hidden-phone\" data-id=\"be86bc0\" data-element_type=\"column\" data-e-type=\"column\">\n\t\t\t<div class=\"elementor-widget-wrap\">\n\t\t\t\t\t\t\t<\/div>\n\t\t<\/div>\n\t\t\t\t\t<\/div>\n\t\t<\/section>\n\t\t\t\t<section class=\"elementor-section elementor-top-section elementor-element elementor-element-6ef5ace elementor-section-boxed elementor-section-height-default elementor-section-height-default\" data-id=\"6ef5ace\" data-element_type=\"section\" data-e-type=\"section\">\n\t\t\t\t\t\t<div class=\"elementor-container elementor-column-gap-default\">\n\t\t\t\t\t<div class=\"elementor-column elementor-col-66 elementor-top-column elementor-element elementor-element-d3cd13c\" data-id=\"d3cd13c\" data-element_type=\"column\" data-e-type=\"column\">\n\t\t\t<div class=\"elementor-widget-wrap elementor-element-populated\">\n\t\t\t\t\t\t<div class=\"elementor-element elementor-element-51a6ca6 elementor-widget elementor-widget-html\" data-id=\"51a6ca6\" data-element_type=\"widget\" data-e-type=\"widget\" data-widget_type=\"html.default\">\n\t\t\t\t<div class=\"elementor-widget-container\">\n\t\t\t\t\t<p id=\"dy_footer_reco\"><\/p>\t\t\t\t<\/div>\n\t\t\t\t<\/div>\n\t\t\t\t\t<\/div>\n\t\t<\/div>\n\t\t\t\t<div class=\"elementor-column elementor-col-33 elementor-top-column elementor-element elementor-element-23cd68b\" data-id=\"23cd68b\" data-element_type=\"column\" data-e-type=\"column\">\n\t\t\t<div class=\"elementor-widget-wrap\">\n\t\t\t\t\t\t\t<\/div>\n\t\t<\/div>\n\t\t\t\t\t<\/div>\n\t\t<\/section>\n\t\t\t\t<\/div>\n\t\t","protected":false},"excerpt":{"rendered":"<p>Actualit\u00e9s Derni\u00e8res contributions Projets Plus lu Conseils Sujets \u00c9tudes Articles Techniques Videos<\/p>\n","protected":false},"author":12,"featured_media":0,"parent":0,"menu_order":0,"comment_status":"closed","ping_status":"closed","template":"","meta":{"footnotes":""},"class_list":["post-36994","page","type-page","status-publish","hentry"],"yoast_head":"<!-- This site is optimized with the Yoast SEO Premium plugin v27.7 (Yoast SEO v27.7) - https:\/\/yoast.com\/product\/yoast-seo-premium-wordpress\/ -->\n<title>Accueil555 - reichelt Magazin<\/title>\n<meta name=\"description\" content=\"Vivre la technologie, comprendre la technologie : Le tout nouveau magazine de reichelt elektronik est lanc\u00e9. D\u00e9couvrez ici tout l&#039;univers de la technologie.\" \/>\n<meta name=\"robots\" content=\"index, follow, max-snippet:-1, max-image-preview:large, max-video-preview:-1\" \/>\n<link rel=\"canonical\" href=\"https:\/\/www.reichelt.com\/magazin\/fr\/\" \/>\n<meta property=\"og:locale\" content=\"fr_FR\" \/>\n<meta property=\"og:type\" content=\"article\" \/>\n<meta property=\"og:title\" content=\"Accueil555\" \/>\n<meta property=\"og:description\" content=\"Vivre la technologie, comprendre la technologie : Le tout nouveau magazine de reichelt elektronik est lanc\u00e9. D\u00e9couvrez ici tout l&#039;univers de la technologie.\" \/>\n<meta property=\"og:url\" content=\"https:\/\/www.reichelt.com\/magazin\/fr\/\" \/>\n<meta property=\"og:site_name\" content=\"reichelt Magazin\" \/>\n<meta property=\"article:modified_time\" content=\"2026-06-30T12:18:30+00:00\" \/>\n<meta property=\"og:image\" content=\"https:\/\/www.reichelt.de\/magazin\/wp-content\/uploads\/2021\/11\/newsletter.png\" \/>\n<meta name=\"twitter:card\" content=\"summary_large_image\" \/>\n<meta name=\"twitter:label1\" content=\"Dur\u00e9e de lecture estim\u00e9e\" \/>\n\t<meta name=\"twitter:data1\" content=\"13 minutes\" \/>\n<script type=\"application\/ld+json\" class=\"yoast-schema-graph\">{\"@context\":\"https:\\\/\\\/schema.org\",\"@graph\":[{\"@type\":\"WebPage\",\"@id\":\"https:\\\/\\\/www.reichelt.com\\\/magazin\\\/fr\\\/\",\"url\":\"https:\\\/\\\/www.reichelt.com\\\/magazin\\\/fr\\\/\",\"name\":\"Accueil555 - reichelt Magazin\",\"isPartOf\":{\"@id\":\"https:\\\/\\\/www.reichelt.de\\\/magazin\\\/#website\"},\"primaryImageOfPage\":{\"@id\":\"https:\\\/\\\/www.reichelt.com\\\/magazin\\\/fr\\\/#primaryimage\"},\"image\":{\"@id\":\"https:\\\/\\\/www.reichelt.com\\\/magazin\\\/fr\\\/#primaryimage\"},\"thumbnailUrl\":\"https:\\\/\\\/www.reichelt.de\\\/magazin\\\/wp-content\\\/uploads\\\/2021\\\/11\\\/newsletter.png\",\"datePublished\":\"2022-11-11T11:42:28+00:00\",\"dateModified\":\"2026-06-30T12:18:30+00:00\",\"description\":\"Vivre la technologie, comprendre la technologie : Le tout nouveau magazine de reichelt elektronik est lanc\u00e9. D\u00e9couvrez ici tout l'univers de la technologie.\",\"breadcrumb\":{\"@id\":\"https:\\\/\\\/www.reichelt.com\\\/magazin\\\/fr\\\/#breadcrumb\"},\"inLanguage\":\"fr-FR\",\"potentialAction\":[{\"@type\":\"ReadAction\",\"target\":[\"https:\\\/\\\/www.reichelt.com\\\/magazin\\\/fr\\\/\"]}]},{\"@type\":\"ImageObject\",\"inLanguage\":\"fr-FR\",\"@id\":\"https:\\\/\\\/www.reichelt.com\\\/magazin\\\/fr\\\/#primaryimage\",\"url\":\"https:\\\/\\\/www.reichelt.de\\\/magazin\\\/wp-content\\\/uploads\\\/2021\\\/11\\\/newsletter.png\",\"contentUrl\":\"https:\\\/\\\/www.reichelt.de\\\/magazin\\\/wp-content\\\/uploads\\\/2021\\\/11\\\/newsletter.png\"},{\"@type\":\"BreadcrumbList\",\"@id\":\"https:\\\/\\\/www.reichelt.com\\\/magazin\\\/fr\\\/#breadcrumb\",\"itemListElement\":[{\"@type\":\"ListItem\",\"position\":1,\"name\":\"Home\",\"item\":\"https:\\\/\\\/www.reichelt.de\\\/magazin\\\/fr\\\/\"},{\"@type\":\"ListItem\",\"position\":2,\"name\":\"Accueil555\"}]},{\"@type\":\"WebSite\",\"@id\":\"https:\\\/\\\/www.reichelt.de\\\/magazin\\\/#website\",\"url\":\"https:\\\/\\\/www.reichelt.de\\\/magazin\\\/\",\"name\":\"reichelt Magazin\",\"description\":\"Das Technik Magazin\",\"publisher\":{\"@id\":\"https:\\\/\\\/www.reichelt.de\\\/magazin\\\/#organization\"},\"potentialAction\":[{\"@type\":\"SearchAction\",\"target\":{\"@type\":\"EntryPoint\",\"urlTemplate\":\"https:\\\/\\\/www.reichelt.de\\\/magazin\\\/?s={search_term_string}\"},\"query-input\":{\"@type\":\"PropertyValueSpecification\",\"valueRequired\":true,\"valueName\":\"search_term_string\"}}],\"inLanguage\":\"fr-FR\"},{\"@type\":\"Organization\",\"@id\":\"https:\\\/\\\/www.reichelt.de\\\/magazin\\\/#organization\",\"name\":\"reichelt Magazin\",\"url\":\"https:\\\/\\\/www.reichelt.de\\\/magazin\\\/\",\"logo\":{\"@type\":\"ImageObject\",\"inLanguage\":\"fr-FR\",\"@id\":\"https:\\\/\\\/www.reichelt.de\\\/magazin\\\/#\\\/schema\\\/logo\\\/image\\\/\",\"url\":\"https:\\\/\\\/www.reichelt.com\\\/magazin\\\/wp-content\\\/uploads\\\/2021\\\/11\\\/reichelt_magazin_logo_de_nl.svg\",\"contentUrl\":\"https:\\\/\\\/www.reichelt.com\\\/magazin\\\/wp-content\\\/uploads\\\/2021\\\/11\\\/reichelt_magazin_logo_de_nl.svg\",\"width\":456,\"height\":149,\"caption\":\"reichelt Magazin\"},\"image\":{\"@id\":\"https:\\\/\\\/www.reichelt.de\\\/magazin\\\/#\\\/schema\\\/logo\\\/image\\\/\"}}]}<\/script>\n<!-- \/ Yoast SEO Premium plugin. -->","yoast_head_json":{"title":"Accueil555 - reichelt Magazin","description":"Vivre la technologie, comprendre la technologie : Le tout nouveau magazine de reichelt elektronik est lanc\u00e9. D\u00e9couvrez ici tout l'univers de la technologie.","robots":{"index":"index","follow":"follow","max-snippet":"max-snippet:-1","max-image-preview":"max-image-preview:large","max-video-preview":"max-video-preview:-1"},"canonical":"https:\/\/www.reichelt.com\/magazin\/fr\/","og_locale":"fr_FR","og_type":"article","og_title":"Accueil555","og_description":"Vivre la technologie, comprendre la technologie : Le tout nouveau magazine de reichelt elektronik est lanc\u00e9. D\u00e9couvrez ici tout l'univers de la technologie.","og_url":"https:\/\/www.reichelt.com\/magazin\/fr\/","og_site_name":"reichelt Magazin","article_modified_time":"2026-06-30T12:18:30+00:00","og_image":[{"url":"https:\/\/www.reichelt.de\/magazin\/wp-content\/uploads\/2021\/11\/newsletter.png","type":"","width":"","height":""}],"twitter_card":"summary_large_image","twitter_misc":{"Dur\u00e9e de lecture estim\u00e9e":"13 minutes"},"schema":{"@context":"https:\/\/schema.org","@graph":[{"@type":"WebPage","@id":"https:\/\/www.reichelt.com\/magazin\/fr\/","url":"https:\/\/www.reichelt.com\/magazin\/fr\/","name":"Accueil555 - reichelt Magazin","isPartOf":{"@id":"https:\/\/www.reichelt.de\/magazin\/#website"},"primaryImageOfPage":{"@id":"https:\/\/www.reichelt.com\/magazin\/fr\/#primaryimage"},"image":{"@id":"https:\/\/www.reichelt.com\/magazin\/fr\/#primaryimage"},"thumbnailUrl":"https:\/\/www.reichelt.de\/magazin\/wp-content\/uploads\/2021\/11\/newsletter.png","datePublished":"2022-11-11T11:42:28+00:00","dateModified":"2026-06-30T12:18:30+00:00","description":"Vivre la technologie, comprendre la technologie : Le tout nouveau magazine de reichelt elektronik est lanc\u00e9. D\u00e9couvrez ici tout l'univers de la technologie.","breadcrumb":{"@id":"https:\/\/www.reichelt.com\/magazin\/fr\/#breadcrumb"},"inLanguage":"fr-FR","potentialAction":[{"@type":"ReadAction","target":["https:\/\/www.reichelt.com\/magazin\/fr\/"]}]},{"@type":"ImageObject","inLanguage":"fr-FR","@id":"https:\/\/www.reichelt.com\/magazin\/fr\/#primaryimage","url":"https:\/\/www.reichelt.de\/magazin\/wp-content\/uploads\/2021\/11\/newsletter.png","contentUrl":"https:\/\/www.reichelt.de\/magazin\/wp-content\/uploads\/2021\/11\/newsletter.png"},{"@type":"BreadcrumbList","@id":"https:\/\/www.reichelt.com\/magazin\/fr\/#breadcrumb","itemListElement":[{"@type":"ListItem","position":1,"name":"Home","item":"https:\/\/www.reichelt.de\/magazin\/fr\/"},{"@type":"ListItem","position":2,"name":"Accueil555"}]},{"@type":"WebSite","@id":"https:\/\/www.reichelt.de\/magazin\/#website","url":"https:\/\/www.reichelt.de\/magazin\/","name":"reichelt Magazin","description":"Das Technik Magazin","publisher":{"@id":"https:\/\/www.reichelt.de\/magazin\/#organization"},"potentialAction":[{"@type":"SearchAction","target":{"@type":"EntryPoint","urlTemplate":"https:\/\/www.reichelt.de\/magazin\/?s={search_term_string}"},"query-input":{"@type":"PropertyValueSpecification","valueRequired":true,"valueName":"search_term_string"}}],"inLanguage":"fr-FR"},{"@type":"Organization","@id":"https:\/\/www.reichelt.de\/magazin\/#organization","name":"reichelt Magazin","url":"https:\/\/www.reichelt.de\/magazin\/","logo":{"@type":"ImageObject","inLanguage":"fr-FR","@id":"https:\/\/www.reichelt.de\/magazin\/#\/schema\/logo\/image\/","url":"https:\/\/www.reichelt.com\/magazin\/wp-content\/uploads\/2021\/11\/reichelt_magazin_logo_de_nl.svg","contentUrl":"https:\/\/www.reichelt.com\/magazin\/wp-content\/uploads\/2021\/11\/reichelt_magazin_logo_de_nl.svg","width":456,"height":149,"caption":"reichelt Magazin"},"image":{"@id":"https:\/\/www.reichelt.de\/magazin\/#\/schema\/logo\/image\/"}}]}},"_links":{"self":[{"href":"https:\/\/www.reichelt.com\/magazin\/fr\/wp-json\/wp\/v2\/pages\/36994","targetHints":{"allow":["GET"]}}],"collection":[{"href":"https:\/\/www.reichelt.com\/magazin\/fr\/wp-json\/wp\/v2\/pages"}],"about":[{"href":"https:\/\/www.reichelt.com\/magazin\/fr\/wp-json\/wp\/v2\/types\/page"}],"author":[{"embeddable":true,"href":"https:\/\/www.reichelt.com\/magazin\/fr\/wp-json\/wp\/v2\/users\/12"}],"replies":[{"embeddable":true,"href":"https:\/\/www.reichelt.com\/magazin\/fr\/wp-json\/wp\/v2\/comments?post=36994"}],"version-history":[{"count":120,"href":"https:\/\/www.reichelt.com\/magazin\/fr\/wp-json\/wp\/v2\/pages\/36994\/revisions"}],"predecessor-version":[{"id":117746,"href":"https:\/\/www.reichelt.com\/magazin\/fr\/wp-json\/wp\/v2\/pages\/36994\/revisions\/117746"}],"wp:attachment":[{"href":"https:\/\/www.reichelt.com\/magazin\/fr\/wp-json\/wp\/v2\/media?parent=36994"}],"curies":[{"name":"wp","href":"https:\/\/api.w.org\/{rel}","templated":true}]}}